{"id":5005,"date":"2017-06-14T10:25:25","date_gmt":"2017-06-14T10:25:25","guid":{"rendered":"http:\/\/mirasol-centre.com\/nousite\/es\/?page_id=5005"},"modified":"2018-07-26T10:37:19","modified_gmt":"2018-07-26T10:37:19","slug":"lloguerconcessio","status":"publish","type":"page","link":"https:\/\/mirasol-centre.com\/es\/lloguerconcessio\/","title":{"rendered":"Alquiler\/Concesi\u00f3n"},"content":{"rendered":"<section class=\"wpb-content-wrapper\"><p>[vc_row][vc_column width=\u00bb2\/3&#8243;][vc_column_text css=\u00bb.vc_custom_1497435868851{margin-top: 10px !important;}\u00bb]<\/p>\n<h1>10 razones para estar en Mira-sol Centre<\/h1>\n<p>[\/vc_column_text][vc_column_text]<\/p>\n<div class=\"wpb_text_column wpb_content_element vc_custom_1415882062582\">\n<div class=\"wpb_wrapper\">\n<h1><img decoding=\"async\" loading=\"lazy\" class=\"alignnone size-full wp-image-2300\" src=\"http:\/\/www.mirasol-centre.com\/nousite\/wp-content\/uploads\/2014\/11\/1.png\" alt=\"10 raons per ser a Mira-sol Centre\" width=\"45\" height=\"27\" \/><\/h1>\n<\/div>\n<\/div>\n<div class=\"wpb_text_column wpb_content_element \">\n<div class=\"wpb_wrapper\">\n<h2>M\u00e1s de 35.000 personas a menos de cinco minutos<\/h2>\n<p>Servicios cotidianos de m\u00e1s de 35.000 personas que residen en las \u00e1reas del tur\u00f3 de Can Mates, Mira-sol, Valldoreix, Les Planes y la Floresta, como tambi\u00e9n en las zonas adyacentes del nucleo urbano de San Cugat.<\/p>\n<p><img decoding=\"async\" loading=\"lazy\" class=\"alignnone size-full wp-image-2301\" src=\"http:\/\/www.mirasol-centre.com\/nousite\/wp-content\/uploads\/2014\/11\/2.png\" alt=\"10 raons per ser a Mira-sol Centre\" width=\"45\" height=\"27\" \/><\/p>\n<h2>Una ubicaci\u00f3n excelente<\/h2>\n<p>Los r\u00e1pidos accesos y conexiones con autopistas y carreteras locales, la estaci\u00f3n de FGC en que se encuentra, la presencia en su entorno de numerosos equipos municipales y privados, y su parking interior lo configuran como una ubicaci\u00f3n privilegiada.<\/p>\n<p><a href=\"http:\/\/www.mirasol-centre.com\/nousite\/wp-content\/uploads\/2014\/11\/3.png\"><img decoding=\"async\" loading=\"lazy\" class=\"alignnone size-full wp-image-2302\" src=\"http:\/\/www.mirasol-centre.com\/nousite\/wp-content\/uploads\/2014\/11\/3.png\" alt=\"10 raons per ser a Mira-sol Centre\" width=\"45\" height=\"27\" \/><\/a><\/p>\n<h2>Un multiespacio con sinergias<\/h2>\n<p>El multiespacio Mira-sol Centre incluye viviendas de Promoci\u00f3n oficial, un mercado municipal, un supermercado, un edificio de oficinas, una biblioteca municipal y 40 locales comerciales y espacios para peatones que dibujan un escenario \u00fanico, desde un punto de vista social y comercial, y que lo convierten en la plaza p\u00fablica donde la gente hace vida social y se encuentra con los vecinos y los amigos.<\/p>\n<p><img decoding=\"async\" loading=\"lazy\" class=\"alignnone size-full wp-image-2303\" src=\"http:\/\/www.mirasol-centre.com\/nousite\/wp-content\/uploads\/2014\/11\/4.png\" alt=\"10 raons per ser a Mira-sol Centre\" width=\"45\" height=\"27\" \/><\/p>\n<h2>Un nudo de comunicaciones<\/h2>\n<p>Mira-sol Centre se encuentra enclavado en el centro de una amplia red de comunicaciones:<\/p>\n<ul>\n<li>Conexi\u00f3n con Barcelona: en coche a 12 minutos de la V\u00eda Augusta a trav\u00e9s de los t\u00faneles de Vallvidrera (la salida de Mirasol est\u00e1 situada a 100 metros) y en tren a 15 minutos de la estaci\u00f3n de Sarri\u00e1.<\/li>\n<li>Conexi\u00f3n con el entorno inmediato: mediante las l\u00edneas de autob\u00fas, el coche y el carril bici.<\/li>\n<li>Conexi\u00f3n con el ferrocarril: junto a la estaci\u00f3n de Mira-sol (FGC).<\/li>\n<li>Autobuses: l\u00edneas L1 y L2.<\/li>\n<\/ul>\n<p><img decoding=\"async\" loading=\"lazy\" class=\"alignnone size-full wp-image-2304\" src=\"http:\/\/www.mirasol-centre.com\/nousite\/wp-content\/uploads\/2014\/11\/5.png\" alt=\"10 raons per ser a Mira-sol Centre\" width=\"45\" height=\"27\" \/><\/p>\n<h2>Un mercado municipal y un Mercadona<\/h2>\n<p>Mercadona act\u00faa como una aut\u00e9ntica locomotora a la hora de dinamizar las afluencias diarias en Mira-sol Centre. Esta oferta comercial ser\u00e1 reforzada por la presencia de un innovador mercado municipal, el cual, con unas 15 paradas, aportar\u00e1 a la compra diaria de producto fresco de calidad un concepto diferencial maridando el enfoque tradicional de ventas de productos frescos con las tapas y la degustaci\u00f3n.<\/p>\n<p><img decoding=\"async\" loading=\"lazy\" class=\"alignnone size-full wp-image-2305\" src=\"http:\/\/www.mirasol-centre.com\/nousite\/wp-content\/uploads\/2014\/11\/6.png\" alt=\"10 raons per ser a Mira-sol Centre\" width=\"45\" height=\"27\" \/><\/p>\n<h2>Una oferta comercial de proximidad para la vida cotidiana<\/h2>\n<p>Junto a la oferta de alimentaci\u00f3n hay una oferta de establecimientos de servicios necesarios para el d\u00eda a d\u00eda de los residentes de la zona, as\u00ed como servicios complementarios que cubran sus necesidades cotidianas y que aporten valor a la visita: peluquer\u00eda, tintorer\u00eda, farmacia, comida para llevar, reparaci\u00f3n de calzado \u2026<\/p>\n<p><img decoding=\"async\" loading=\"lazy\" class=\"alignnone size-full wp-image-2306\" src=\"http:\/\/www.mirasol-centre.com\/nousite\/wp-content\/uploads\/2014\/11\/7.png\" alt=\"10 raons per ser a Mira-sol Centre\" width=\"45\" height=\"27\" \/><\/p>\n<h2>Una restauraci\u00f3n para todos y para cada momento<\/h2>\n<p>La oferta de restauraci\u00f3n se dirige a cumplir dos objetivos: por un lado, acompa\u00f1ar a los usuarios del centro durante el proceso de compra y, por otro, dar una oferta gastron\u00f3mica los trabajadores de las oficinas cercanas y los residentes de la zona, con una restauraci\u00f3n s\u00f3lida que cubra los diversos momentos de consumo durante toda la semana.<\/p>\n<p><img decoding=\"async\" loading=\"lazy\" class=\"alignnone size-full wp-image-2307\" src=\"http:\/\/www.mirasol-centre.com\/nousite\/wp-content\/uploads\/2014\/11\/8.png\" alt=\"10 raons per ser a Mira-sol Centre\" width=\"45\" height=\"27\" \/><\/p>\n<h2>Una experiencia de visita memorable<\/h2>\n<p>La centralidad comercial tiene las ventajas de una calle comercial por la experiencia de visita que ofrece y porque se puede pasear sin aglomeraciones y sintiendo la naturaleza misma que se adentra en el espacio comercial. A la vez, se beneficia de las ventajas de tener un aparcamiento con dos horas gratuitas para los usuarios, elementos de transporte vertical (ascensores y escaleras mec\u00e1nicas que conectan el aparcamiento y las diversas entradas), aseos, \u00e1reas de descanso, zonas infantiles\u2026<\/p>\n<p><img decoding=\"async\" loading=\"lazy\" class=\"alignnone size-full wp-image-2308\" src=\"http:\/\/www.mirasol-centre.com\/nousite\/wp-content\/uploads\/2014\/11\/9.png\" alt=\"10 raons per ser a Mira-sol Centre\" width=\"45\" height=\"27\" \/><\/p>\n<h2>Un aparcamiento con dos horas gratuitas<\/h2>\n<p>Con 305 plazas y dos horas de aparcamiento gratuito para los usuarios de los establecimientos comerciales facilitamos el acceso y el uso de las instalaciones a las personas que hayan decidido venir a Mira-sol Centre en veh\u00edculo privado.<br \/>\n<img decoding=\"async\" loading=\"lazy\" class=\"alignnone size-full wp-image-2299\" src=\"http:\/\/www.mirasol-centre.com\/nousite\/wp-content\/uploads\/2014\/11\/10.png\" alt=\"10 raons per ser a Mira-sol Centre\" width=\"45\" height=\"27\" \/><\/p>\n<h2>En resumen<\/h2>\n<p>Mira-sol Centre es una centralidad comercial abierta que soluciona las necesidades de compra cotidiana de alimentaci\u00f3n, no alimentaci\u00f3n y servicios en un ambiente c\u00e1lido, seguro, armonioso y cercano para los vecinos y no residentes de la zona, y la misi\u00f3n es contribuir a la mejora de la calidad de vida de estas personas.<\/p>\n<\/div>\n<\/div>\n<p>[\/vc_column_text][\/vc_column][vc_column width=\u00bb1\/3&#8243; is_section=\u00bbyes\u00bb section_skin=\u00bbprimary\u00bb][vc_column_text css=\u00bb.vc_custom_1497435895689{margin-top: 20px !important;}\u00bb]<\/p>\n<h2 style=\"text-align: center;\">Quieres Alquilar un local comercial o una oficina para empezar con tu propio negocio?<\/h2>\n<p>[\/vc_column_text][vc_single_image image=\u00bb2355&#8243; alignment=\u00bbcenter\u00bb]\n<div class=\"wpcf7 no-js\" id=\"wpcf7-f74-o1\" lang=\"en-US\" dir=\"ltr\">\n<div class=\"screen-reader-response\"><p role=\"status\" aria-live=\"polite\" aria-atomic=\"true\"><\/p> <ul><\/ul><\/div>\n<form action=\"\/es\/wp-json\/wp\/v2\/pages\/5005#wpcf7-f74-o1\" method=\"post\" class=\"wpcf7-form init\" aria-label=\"Contact form\" novalidate=\"novalidate\" data-status=\"init\">\n<div style=\"display: none;\">\n<input type=\"hidden\" name=\"_wpcf7\" value=\"74\" \/>\n<input type=\"hidden\" name=\"_wpcf7_version\" value=\"5.7.6\" \/>\n<input type=\"hidden\" name=\"_wpcf7_locale\" value=\"en_US\" \/>\n<input type=\"hidden\" name=\"_wpcf7_unit_tag\" value=\"wpcf7-f74-o1\" \/>\n<input type=\"hidden\" name=\"_wpcf7_container_post\" value=\"0\" \/>\n<input type=\"hidden\" name=\"_wpcf7_posted_data_hash\" value=\"\" \/>\n<\/div>\n<h2 class=\"short\"><strong>Quieres contactar<\/strong> con nosotros\n<\/h2>\n<div class=\"row\">\n\t<div class=\"col-md-6\">\n\t\t<div class=\"form-group\">\n\t\t\t<p><label for=\"contact-name\">Nombre *<\/label><br \/>\n<span class=\"wpcf7-form-control-wrap\" data-name=\"your-name\"><input size=\"40\" class=\"wpcf7-form-control wpcf7-text wpcf7-validates-as-required form-control\" id=\"contact-name\" aria-required=\"true\" aria-invalid=\"false\" value=\"\" type=\"text\" name=\"your-name\" \/><\/span>\n\t\t\t<\/p>\n\t\t<\/div>\n\t<\/div>\n\t<div class=\"col-md-6\">\n\t\t<div class=\"form-group\">\n\t\t\t<p><label for=\"contact-email\">Email *<\/label><br \/>\n<span class=\"wpcf7-form-control-wrap\" data-name=\"your-email\"><input size=\"40\" class=\"wpcf7-form-control wpcf7-text wpcf7-email wpcf7-validates-as-required wpcf7-validates-as-email form-control\" id=\"contact-email\" aria-required=\"true\" aria-invalid=\"false\" value=\"\" type=\"email\" name=\"your-email\" \/><\/span>\n\t\t\t<\/p>\n\t\t<\/div>\n\t<\/div>\n\t<div class=\"col-md-12\">\n\t\t<div class=\"form-group\">\n\t\t\t<p><label for=\"contact-subject\">Asunto<\/label><br \/>\n<span class=\"wpcf7-form-control-wrap\" data-name=\"your-subject\"><input size=\"40\" class=\"wpcf7-form-control wpcf7-text form-control\" id=\"contact-subject\" aria-invalid=\"false\" value=\"\" type=\"text\" name=\"your-subject\" \/><\/span>\n\t\t\t<\/p>\n\t\t<\/div>\n\t<\/div>\n\t<div class=\"col-md-12\">\n\t\t<div class=\"form-group\">\n\t\t\t<p><label for=\"contact-message\">Mensaje<\/label><br \/>\n<span class=\"wpcf7-form-control-wrap\" data-name=\"your-message\"><textarea cols=\"40\" rows=\"10\" class=\"wpcf7-form-control wpcf7-textarea form-control\" id=\"contact-message\" aria-invalid=\"false\" name=\"your-message\"><\/textarea><\/span>\n\t\t\t<\/p>\n\t\t<\/div>\n\t<\/div>\n\t<div class=\"col-md-12\">\n\t\t<div class=\"form-group\">\n\t\t\t<p><span class=\"wpcf7-form-control-wrap\" data-name=\"aceptacion\"><span class=\"wpcf7-form-control wpcf7-acceptance\"><span class=\"wpcf7-list-item\"><input type=\"checkbox\" name=\"aceptacion\" value=\"1\" aria-invalid=\"false\" \/><\/span><\/span><\/span><label for=\"acceptance aceptacion\">HE LEIDO Y ACEPTO LA CLAUSULA LEGAL<\/label>\n\t\t\t<\/p>\n\t\t<\/div>\n\t<\/div>\n\t<div class=\"col-md-12\">\n\t\t<div class=\"form-group\">\n\t\t\t<p><input class=\"wpcf7-form-control has-spinner wpcf7-submit btn btn-primary btn-lg\" type=\"submit\" value=\"Enviar\" \/>\n\t\t\t<\/p>\n\t\t<\/div>\n\t<\/div>\n<\/div><div class=\"wpcf7-response-output\" aria-hidden=\"true\"><\/div>\n<\/form>\n<\/div>\n[\/vc_column][\/vc_row]<\/p>\n<\/section>","protected":false},"excerpt":{"rendered":"<p>[vc_row][vc_column width=\u00bb2\/3&#8243;][vc_column_text css=\u00bb.vc_custom_1497435868851{margin-top: 10px !important;}\u00bb] 10 razones para estar en Mira-sol Centre [\/vc_column_text][vc_column_text] M\u00e1s de 35.000 personas a menos de cinco minutos Servicios cotidianos de m\u00e1s de 35.000 personas que [&hellip;]<\/p>\n","protected":false},"author":1,"featured_media":4762,"parent":0,"menu_order":0,"comment_status":"closed","ping_status":"closed","template":"","meta":[],"_links":{"self":[{"href":"https:\/\/mirasol-centre.com\/es\/wp-json\/wp\/v2\/pages\/5005"}],"collection":[{"href":"https:\/\/mirasol-centre.com\/es\/wp-json\/wp\/v2\/pages"}],"about":[{"href":"https:\/\/mirasol-centre.com\/es\/wp-json\/wp\/v2\/types\/page"}],"author":[{"embeddable":true,"href":"https:\/\/mirasol-centre.com\/es\/wp-json\/wp\/v2\/users\/1"}],"replies":[{"embeddable":true,"href":"https:\/\/mirasol-centre.com\/es\/wp-json\/wp\/v2\/comments?post=5005"}],"version-history":[{"count":6,"href":"https:\/\/mirasol-centre.com\/es\/wp-json\/wp\/v2\/pages\/5005\/revisions"}],"predecessor-version":[{"id":6055,"href":"https:\/\/mirasol-centre.com\/es\/wp-json\/wp\/v2\/pages\/5005\/revisions\/6055"}],"wp:featuredmedia":[{"embeddable":true,"href":"https:\/\/mirasol-centre.com\/es\/wp-json\/wp\/v2\/media\/4762"}],"wp:attachment":[{"href":"https:\/\/mirasol-centre.com\/es\/wp-json\/wp\/v2\/media?parent=5005"}],"curies":[{"name":"wp","href":"https:\/\/api.w.org\/{rel}","templated":true}]}}