{"id":5019,"date":"2017-06-14T10:55:02","date_gmt":"2017-06-14T10:55:02","guid":{"rendered":"http:\/\/mirasol-centre.com\/nousite\/es\/?page_id=5019"},"modified":"2021-08-04T05:47:24","modified_gmt":"2021-08-04T05:47:24","slug":"contacto","status":"publish","type":"page","link":"https:\/\/mirasol-centre.com\/es\/contacto\/","title":{"rendered":"Contacto"},"content":{"rendered":"<section class=\"wpb-content-wrapper\"><p>[vc_row][vc_column width=\u00bb2\/3&#8243;][vc_column_text]<\/p>\n<h2 class=\"short\"><strong>Donde puede<\/strong> encontrarnos<br \/>\n<strong>Mira-Sol Centre Comercial<\/strong> Plaza \u00c0usias March s\/n.<\/h2>\n<p>[\/vc_column_text][vc_column_text]<iframe loading=\"lazy\" style=\"border: 0;\" src=\"https:\/\/www.google.com\/maps\/embed?pb=!1m18!1m12!1m3!1d2989.586455876671!2d2.058395115704573!3d41.469883898839214!2m3!1f0!2f0!3f0!3m2!1i1024!2i768!4f13.1!3m3!1m2!1s0x12a4912e8fbd1241%3A0x61bcdeced2ace813!2sPas%20d'Isabel%20de%20Villena%2C%209%2C%2008195%20Sant%20Cugat%20del%20Vall%C3%A8s%2C%20Barcelona!5e0!3m2!1ses!2ses!4v1628055924504!5m2!1ses!2ses\" width=\"100%\" height=\"450\" allowfullscreen=\"allowfullscreen\"><\/iframe>[\/vc_column_text][vc_column_text]Los datos personales facilitados voluntariamente por usted, a trav\u00e9s del presente formulario web ser\u00e1n tratados, por Subcomunitat plantes baixes zona comercial Mira-sol Centre como responsable del tratamiento, con la finalidad de atender su solicitud, consulta, queja o sugerencia, sin que se produzca comunicaciones o cesiones de datos y conservados durante los plazos necesarios para atender su solicitud. Puede usted ejercer los derechos de acceso, rectificaci\u00f3n o supresi\u00f3n de sus datos, dirigi\u00e9ndose a Pza. Ausias March, 1-9. Pta Baja 08195 Sant Cugat del Valles (Barcelona), para m\u00e1s informaci\u00f3n al respecto, puede consultar nuestra Pol\u00edtica de Privacidad en <a href=\"http:\/\/www.mirasol-centre.com\">www.mirasol-centre.com<\/a>[\/vc_column_text][\/vc_column][vc_column width=\u00bb1\/3&#8243;]\n<div class=\"wpcf7 no-js\" id=\"wpcf7-f74-o1\" lang=\"en-US\" dir=\"ltr\">\n<div class=\"screen-reader-response\"><p role=\"status\" aria-live=\"polite\" aria-atomic=\"true\"><\/p> <ul><\/ul><\/div>\n<form action=\"\/es\/wp-json\/wp\/v2\/pages\/5019#wpcf7-f74-o1\" method=\"post\" class=\"wpcf7-form init\" aria-label=\"Contact form\" novalidate=\"novalidate\" data-status=\"init\">\n<div style=\"display: none;\">\n<input type=\"hidden\" name=\"_wpcf7\" value=\"74\" \/>\n<input type=\"hidden\" name=\"_wpcf7_version\" value=\"5.7.6\" \/>\n<input type=\"hidden\" name=\"_wpcf7_locale\" value=\"en_US\" \/>\n<input type=\"hidden\" name=\"_wpcf7_unit_tag\" value=\"wpcf7-f74-o1\" \/>\n<input type=\"hidden\" name=\"_wpcf7_container_post\" value=\"0\" \/>\n<input type=\"hidden\" name=\"_wpcf7_posted_data_hash\" value=\"\" \/>\n<\/div>\n<h2 class=\"short\"><strong>Quieres contactar<\/strong> con nosotros\n<\/h2>\n<div class=\"row\">\n\t<div class=\"col-md-6\">\n\t\t<div class=\"form-group\">\n\t\t\t<p><label for=\"contact-name\">Nombre *<\/label><br \/>\n<span class=\"wpcf7-form-control-wrap\" data-name=\"your-name\"><input size=\"40\" class=\"wpcf7-form-control wpcf7-text wpcf7-validates-as-required form-control\" id=\"contact-name\" aria-required=\"true\" aria-invalid=\"false\" value=\"\" type=\"text\" name=\"your-name\" \/><\/span>\n\t\t\t<\/p>\n\t\t<\/div>\n\t<\/div>\n\t<div class=\"col-md-6\">\n\t\t<div class=\"form-group\">\n\t\t\t<p><label for=\"contact-email\">Email *<\/label><br \/>\n<span class=\"wpcf7-form-control-wrap\" data-name=\"your-email\"><input size=\"40\" class=\"wpcf7-form-control wpcf7-text wpcf7-email wpcf7-validates-as-required wpcf7-validates-as-email form-control\" id=\"contact-email\" aria-required=\"true\" aria-invalid=\"false\" value=\"\" type=\"email\" name=\"your-email\" \/><\/span>\n\t\t\t<\/p>\n\t\t<\/div>\n\t<\/div>\n\t<div class=\"col-md-12\">\n\t\t<div class=\"form-group\">\n\t\t\t<p><label for=\"contact-subject\">Asunto<\/label><br \/>\n<span class=\"wpcf7-form-control-wrap\" data-name=\"your-subject\"><input size=\"40\" class=\"wpcf7-form-control wpcf7-text form-control\" id=\"contact-subject\" aria-invalid=\"false\" value=\"\" type=\"text\" name=\"your-subject\" \/><\/span>\n\t\t\t<\/p>\n\t\t<\/div>\n\t<\/div>\n\t<div class=\"col-md-12\">\n\t\t<div class=\"form-group\">\n\t\t\t<p><label for=\"contact-message\">Mensaje<\/label><br \/>\n<span class=\"wpcf7-form-control-wrap\" data-name=\"your-message\"><textarea cols=\"40\" rows=\"10\" class=\"wpcf7-form-control wpcf7-textarea form-control\" id=\"contact-message\" aria-invalid=\"false\" name=\"your-message\"><\/textarea><\/span>\n\t\t\t<\/p>\n\t\t<\/div>\n\t<\/div>\n\t<div class=\"col-md-12\">\n\t\t<div class=\"form-group\">\n\t\t\t<p><span class=\"wpcf7-form-control-wrap\" data-name=\"aceptacion\"><span class=\"wpcf7-form-control wpcf7-acceptance\"><span class=\"wpcf7-list-item\"><input type=\"checkbox\" name=\"aceptacion\" value=\"1\" aria-invalid=\"false\" \/><\/span><\/span><\/span><label for=\"acceptance aceptacion\">HE LEIDO Y ACEPTO LA CLAUSULA LEGAL<\/label>\n\t\t\t<\/p>\n\t\t<\/div>\n\t<\/div>\n\t<div class=\"col-md-12\">\n\t\t<div class=\"form-group\">\n\t\t\t<p><input class=\"wpcf7-form-control has-spinner wpcf7-submit btn btn-primary btn-lg\" type=\"submit\" value=\"Enviar\" \/>\n\t\t\t<\/p>\n\t\t<\/div>\n\t<\/div>\n<\/div><div class=\"wpcf7-response-output\" aria-hidden=\"true\"><\/div>\n<\/form>\n<\/div>\n[\/vc_column][\/vc_row][vc_row][vc_column][vc_separator color=\u00bbwhite\u00bb border_width=\u00bb7&#8243;][\/vc_column][\/vc_row][vc_row][vc_column width=\u00bb2\/3&#8243;][vc_column_text]<\/p>\n<h2 class=\"short\"><strong>Como llegar a Mira-Sol Centro<\/strong><\/h2>\n<p>A continuaci\u00f3n le detallamos como puede llegar al Centro Comercial y Mercado Municipal, Mira-Sol Centro.<\/p>\n<blockquote><p>Conexi\u00f3n con Barcelona: en coche a 12 minutos de la V\u00eda Augusta a trav\u00e9s de los t\u00faneles de Vallvidrera (la salida de Mirasol est\u00e1 situada a 100 metros) y en tren a 15 minutos de la estaci\u00f3n de Sarri\u00e1.<\/p>\n<p>Conexi\u00f3n con el entorno inmediato: mediante las l\u00edneas de autob\u00fas, el coche y el carril bici.<\/p>\n<p>Conexi\u00f3n con el ferrocarril: junto a la estaci\u00f3n de Mira-sol (FGC).<\/p>\n<p>Autobuses: l\u00edneas L1 y L2.<\/p><\/blockquote>\n<p>[\/vc_column_text][\/vc_column][vc_column width=\u00bb1\/3&#8243; is_section=\u00bbyes\u00bb section_skin=\u00bbprimary\u00bb css=\u00bb.vc_custom_1497439280832{padding-top: 30px !important;padding-bottom: 30px !important;}\u00bb][vc_column_text]<\/p>\n<h2 class=\"short\" style=\"text-align: center;\"><strong>Horario<br \/>\nde apertura al p\u00fablico:<\/strong><\/h2>\n<p style=\"text-align: center;\">De lunes a s\u00e1bado de<strong> 09:00h a 21:00h<\/strong><\/p>\n<h2 class=\"short\" style=\"text-align: center;\"><strong>Horario aparcamiento:<\/strong><\/h2>\n<p style=\"text-align: center;\">De lunes a s\u00e1bado de <strong>08:00h a 23:00h<\/strong><\/p>\n<p style=\"text-align: center;\"><strong>**Restauraci\u00f3n horarios independientes<\/strong><\/p>\n<p>[\/vc_column_text][\/vc_column][\/vc_row]<\/p>\n<\/section>","protected":false},"excerpt":{"rendered":"<p>[vc_row][vc_column width=\u00bb2\/3&#8243;][vc_column_text] Donde puede encontrarnos Mira-Sol Centre Comercial Plaza \u00c0usias March s\/n. [\/vc_column_text][vc_column_text][\/vc_column_text][vc_column_text]Los datos personales facilitados voluntariamente por usted, a trav\u00e9s del presente formulario web ser\u00e1n tratados, por Subcomunitat plantes [&hellip;]<\/p>\n","protected":false},"author":1,"featured_media":0,"parent":0,"menu_order":0,"comment_status":"closed","ping_status":"closed","template":"","meta":[],"_links":{"self":[{"href":"https:\/\/mirasol-centre.com\/es\/wp-json\/wp\/v2\/pages\/5019"}],"collection":[{"href":"https:\/\/mirasol-centre.com\/es\/wp-json\/wp\/v2\/pages"}],"about":[{"href":"https:\/\/mirasol-centre.com\/es\/wp-json\/wp\/v2\/types\/page"}],"author":[{"embeddable":true,"href":"https:\/\/mirasol-centre.com\/es\/wp-json\/wp\/v2\/users\/1"}],"replies":[{"embeddable":true,"href":"https:\/\/mirasol-centre.com\/es\/wp-json\/wp\/v2\/comments?post=5019"}],"version-history":[{"count":25,"href":"https:\/\/mirasol-centre.com\/es\/wp-json\/wp\/v2\/pages\/5019\/revisions"}],"predecessor-version":[{"id":6676,"href":"https:\/\/mirasol-centre.com\/es\/wp-json\/wp\/v2\/pages\/5019\/revisions\/6676"}],"wp:attachment":[{"href":"https:\/\/mirasol-centre.com\/es\/wp-json\/wp\/v2\/media?parent=5019"}],"curies":[{"name":"wp","href":"https:\/\/api.w.org\/{rel}","templated":true}]}}