{"id":5082,"date":"2017-06-06T07:55:47","date_gmt":"2017-06-06T07:55:47","guid":{"rendered":"http:\/\/mirasol-centre.com\/nousite\/es\/noticies\/"},"modified":"2017-06-15T17:06:27","modified_gmt":"2017-06-15T17:06:27","slug":"noticias","status":"publish","type":"page","link":"https:\/\/mirasol-centre.com\/es\/noticias\/","title":{"rendered":"Not\u00edcias"},"content":{"rendered":"<section class=\"wpb-content-wrapper\"><p>[vc_row][vc_column]<div id=\"porto-blog-8060\" class=\"porto-blog wpb_content_element   wpb_custom_9c745ac33a8bb4820cfc6b89805915cc\">\t\t<div class=\"blog-posts posts-grid\">\n\t\t\t<div class=\"posts-container row\">\n\t\t\n<article class=\"post post-grid col-md-6 col-lg-4 post-8858 post type-post status-publish format-standard has-post-thumbnail hentry category-sin-categorizar\">\n\t<div class=\"grid-box\">\n\t\t\t<div class=\"post-image single\">\n\t\t<div class=\"post-slideshow porto-carousel owl-carousel has-ccols ccols-1  nav-inside nav-inside-center nav-style-2 show-nav-hover\" data-plugin-options='{\"nav\":true}'>\n\t\t\t\t\t\t\t\t\t\t\t<a href=\"https:\/\/mirasol-centre.com\/es\/viernes-3-y-lunes-6-de-abril-mira-sol-centre-permanecera-cerrado-por-festividad\/\" aria-label=\"post image\">\n\t\t\t\t\t\t\t\t<div class=\"img-thumbnail\">\n\t\t\t\t\t\t<img width=\"276\" height=\"273\" src=\"https:\/\/mirasol-centre.com\/nousite\/wp-content\/uploads\/2024\/08\/cerrado.gif\" class=\"owl-lazy img-responsive\" alt=\"\" decoding=\"async\" loading=\"lazy\" \/>\t\t\t\t\t\t\t\t\t\t\t\t\t<span class=\"zoom\" data-src=\"https:\/\/mirasol-centre.com\/nousite\/wp-content\/uploads\/2024\/08\/cerrado.gif\" data-title=\"\"><i class=\"fas fa-search\"><\/i><\/span>\n\t\t\t\t\t\t\t\t\t\t\t<\/div>\n\t\t\t\t\t\t\t\t<\/a>\n\t\t\t\t\t\t\t\t<\/div>\n\t\t\n\t\t\t<\/div>\n\t\n\t\t<!-- Post meta before content -->\n\t\t\t\t<div class=\"post-content\">\n\n\t\t\t<h4 class=\"entry-title\"><a href=\"https:\/\/mirasol-centre.com\/es\/viernes-3-y-lunes-6-de-abril-mira-sol-centre-permanecera-cerrado-por-festividad\/\">Viernes 3 y lunes 6 de abril, Mira-sol Centre permanecer\u00e1 cerrado, por festividad.<\/a><\/h4>\n\t\t\t<span class=\"vcard\" style=\"display: none;\"><span class=\"fn\"><a href=\"https:\/\/mirasol-centre.com\/es\/author\/designstore\/\" title=\"Entradas de DesignStore\" rel=\"author\">DesignStore<\/a><\/span><\/span><span class=\"updated\" style=\"display:none\">2026-03-31T07:05:30+00:00<\/span><p class=\"post-excerpt\">\nViernes 3 y lunes 6 de abril , \u00a0Mira-sol Centre permanecer\u00e1 cerrado, por festividad.\n\n\n\n\n<\/p>\t\t\t\t\t<\/div>\n\t\t<!-- Post meta after content -->\n\t\t<div class=\"post-meta\"><span class=\"meta-date\"><i class=\"far fa-calendar-alt\"><\/i>31 Marzo, 2026<\/span><\/div><div class=\"post-meta\"><span class=\"meta-cats\"><i class=\"far fa-folder\"><\/i><a href=\"https:\/\/mirasol-centre.com\/es\/category\/sin-categorizar\/\" rel=\"category tag\">Sin categorizar<\/a><\/span><\/div>\t\t<div class=\"clearfix\">\n\t\t\t<a class=\"btn btn-xs btn-default text-xs text-uppercase btn-readmore\" href=\"https:\/\/mirasol-centre.com\/es\/viernes-3-y-lunes-6-de-abril-mira-sol-centre-permanecera-cerrado-por-festividad\/\">Leer m\u00e1s...<\/a>\n\t\t<\/div>\n\t<\/div>\n<\/article>\n\n<article class=\"post post-grid col-md-6 col-lg-4 post-8825 post type-post status-publish format-standard has-post-thumbnail hentry category-sin-categorizar\">\n\t<div class=\"grid-box\">\n\t\t\t<div class=\"post-image single\">\n\t\t<div class=\"post-slideshow porto-carousel owl-carousel has-ccols ccols-1  nav-inside nav-inside-center nav-style-2 show-nav-hover\" data-plugin-options='{\"nav\":true}'>\n\t\t\t\t\t\t\t\t\t\t\t<a href=\"https:\/\/mirasol-centre.com\/es\/actividades-de-navidad-para-ninos\/\" aria-label=\"post image\">\n\t\t\t\t\t\t\t\t<div class=\"img-thumbnail\">\n\t\t\t\t\t\t<img width=\"400\" height=\"300\" src=\"https:\/\/mirasol-centre.com\/nousite\/wp-content\/uploads\/2025\/12\/mscnadal25POST-400x300.png\" class=\"owl-lazy img-responsive\" alt=\"\" decoding=\"async\" loading=\"lazy\" \/>\t\t\t\t\t\t\t\t\t\t\t\t\t<span class=\"zoom\" data-src=\"https:\/\/mirasol-centre.com\/nousite\/wp-content\/uploads\/2025\/12\/mscnadal25POST.png\" data-title=\"\"><i class=\"fas fa-search\"><\/i><\/span>\n\t\t\t\t\t\t\t\t\t\t\t<\/div>\n\t\t\t\t\t\t\t\t<\/a>\n\t\t\t\t\t\t\t\t<\/div>\n\t\t\n\t\t\t<\/div>\n\t\n\t\t<!-- Post meta before content -->\n\t\t\t\t<div class=\"post-content\">\n\n\t\t\t<h4 class=\"entry-title\"><a href=\"https:\/\/mirasol-centre.com\/es\/actividades-de-navidad-para-ninos\/\">Actividades de Navidad para ni\u00f1os:<\/a><\/h4>\n\t\t\t<span class=\"vcard\" style=\"display: none;\"><span class=\"fn\"><a href=\"https:\/\/mirasol-centre.com\/es\/author\/enrique\/\" title=\"Entradas de enrique\" rel=\"author\">enrique<\/a><\/span><\/span><span class=\"updated\" style=\"display:none\">2025-12-14T09:05:39+00:00<\/span><p class=\"post-excerpt\">\nActividades de Navidad para ni\u00f1os:\n\n\n\n20\/12\/2025, de 17.00 h a 20.00 h. Ven a buscar el Ti\u00f3 Traginer.\n\n\n\nEl Ti\u00f3 d\u00e1 vueltas este a\u00f1o para arriba y para abajo. Dice que tiene mucha hambre, pero no quiere cagar.\n\n\n\nPediremos ayuda a peque\u00f1os y grandes, ya sabemos que no es el dia, solo es para para practicar. Le daremos mandarinas, galletas, le cantaremos una canci\u00f3n y quien sabe si nos dar\u00e1 un caramelo.\n\n\n\n02\/01\/2026, de 17.00 h a 20.00 h. Visita del Page de Oriente....<\/p>\t\t\t\t\t<\/div>\n\t\t<!-- Post meta after content -->\n\t\t<div class=\"post-meta\"><span class=\"meta-date\"><i class=\"far fa-calendar-alt\"><\/i>14 Diciembre, 2025<\/span><\/div><div class=\"post-meta\"><span class=\"meta-cats\"><i class=\"far fa-folder\"><\/i><a href=\"https:\/\/mirasol-centre.com\/es\/category\/sin-categorizar\/\" rel=\"category tag\">Sin categorizar<\/a><\/span><\/div>\t\t<div class=\"clearfix\">\n\t\t\t<a class=\"btn btn-xs btn-default text-xs text-uppercase btn-readmore\" href=\"https:\/\/mirasol-centre.com\/es\/actividades-de-navidad-para-ninos\/\">Leer m\u00e1s...<\/a>\n\t\t<\/div>\n\t<\/div>\n<\/article>\n\n<article class=\"post post-grid col-md-6 col-lg-4 post-8818 post type-post status-publish format-standard has-post-thumbnail hentry category-sin-categorizar\">\n\t<div class=\"grid-box\">\n\t\t\t<div class=\"post-image single\">\n\t\t<div class=\"post-slideshow porto-carousel owl-carousel has-ccols ccols-1  nav-inside nav-inside-center nav-style-2 show-nav-hover\" data-plugin-options='{\"nav\":true}'>\n\t\t\t\t\t\t\t\t\t\t\t<a href=\"https:\/\/mirasol-centre.com\/es\/sabado-06-12-2025-el-mercado-permanecera-abierto-de-9-00h-a-21-00h\/\" aria-label=\"post image\">\n\t\t\t\t\t\t\t\t<div class=\"img-thumbnail\">\n\t\t\t\t\t\t<img width=\"400\" height=\"300\" src=\"https:\/\/mirasol-centre.com\/nousite\/wp-content\/uploads\/2025\/11\/obert-dia-6-400x300.jpg\" class=\"owl-lazy img-responsive\" alt=\"\" decoding=\"async\" loading=\"lazy\" \/>\t\t\t\t\t\t\t\t\t\t\t\t\t<span class=\"zoom\" data-src=\"https:\/\/mirasol-centre.com\/nousite\/wp-content\/uploads\/2025\/11\/obert-dia-6.jpg\" data-title=\"\"><i class=\"fas fa-search\"><\/i><\/span>\n\t\t\t\t\t\t\t\t\t\t\t<\/div>\n\t\t\t\t\t\t\t\t<\/a>\n\t\t\t\t\t\t\t\t<\/div>\n\t\t\n\t\t\t<\/div>\n\t\n\t\t<!-- Post meta before content -->\n\t\t\t\t<div class=\"post-content\">\n\n\t\t\t<h4 class=\"entry-title\"><a href=\"https:\/\/mirasol-centre.com\/es\/sabado-06-12-2025-el-mercado-permanecera-abierto-de-9-00h-a-21-00h\/\">S\u00e1bado 06\/12\/2025, el mercado permanecer\u00e1 abierto de 9.00h a 21.00h.<\/a><\/h4>\n\t\t\t<span class=\"vcard\" style=\"display: none;\"><span class=\"fn\"><a href=\"https:\/\/mirasol-centre.com\/es\/author\/designstore\/\" title=\"Entradas de DesignStore\" rel=\"author\">DesignStore<\/a><\/span><\/span><span class=\"updated\" style=\"display:none\">2025-11-27T17:25:23+00:00<\/span><p class=\"post-excerpt\">\nS\u00e1bado 06\/12\/2025, el mercado permanecer\u00e1 abierto de 9.00h a 21.00h.\n\n\n\n\n<\/p>\t\t\t\t\t<\/div>\n\t\t<!-- Post meta after content -->\n\t\t<div class=\"post-meta\"><span class=\"meta-date\"><i class=\"far fa-calendar-alt\"><\/i>27 Noviembre, 2025<\/span><\/div><div class=\"post-meta\"><span class=\"meta-cats\"><i class=\"far fa-folder\"><\/i><a href=\"https:\/\/mirasol-centre.com\/es\/category\/sin-categorizar\/\" rel=\"category tag\">Sin categorizar<\/a><\/span><\/div>\t\t<div class=\"clearfix\">\n\t\t\t<a class=\"btn btn-xs btn-default text-xs text-uppercase btn-readmore\" href=\"https:\/\/mirasol-centre.com\/es\/sabado-06-12-2025-el-mercado-permanecera-abierto-de-9-00h-a-21-00h\/\">Leer m\u00e1s...<\/a>\n\t\t<\/div>\n\t<\/div>\n<\/article>\n\n<article class=\"post post-grid col-md-6 col-lg-4 post-8812 post type-post status-publish format-standard has-post-thumbnail hentry category-sin-categorizar\">\n\t<div class=\"grid-box\">\n\t\t\t<div class=\"post-image single\">\n\t\t<div class=\"post-slideshow porto-carousel owl-carousel has-ccols ccols-1  nav-inside nav-inside-center nav-style-2 show-nav-hover\" data-plugin-options='{\"nav\":true}'>\n\t\t\t\t\t\t\t\t\t\t\t<a href=\"https:\/\/mirasol-centre.com\/es\/sabado-01-de-noviembre-mira-sol-centre-estara-abierto-de-9-00h-a-15-00h\/\" aria-label=\"post image\">\n\t\t\t\t\t\t\t\t<div class=\"img-thumbnail\">\n\t\t\t\t\t\t<img width=\"400\" height=\"300\" src=\"https:\/\/mirasol-centre.com\/nousite\/wp-content\/uploads\/2023\/10\/1a91b2dedeb2030241fb719a9fa8da3526dfa5b812c8d7255c7853a0f949e055-rimg-w820-h510-gmir-400x300.jpg\" class=\"owl-lazy img-responsive\" alt=\"\" decoding=\"async\" loading=\"lazy\" \/>\t\t\t\t\t\t\t\t\t\t\t\t\t<span class=\"zoom\" data-src=\"https:\/\/mirasol-centre.com\/nousite\/wp-content\/uploads\/2023\/10\/1a91b2dedeb2030241fb719a9fa8da3526dfa5b812c8d7255c7853a0f949e055-rimg-w820-h510-gmir.jpg\" data-title=\"\"><i class=\"fas fa-search\"><\/i><\/span>\n\t\t\t\t\t\t\t\t\t\t\t<\/div>\n\t\t\t\t\t\t\t\t<\/a>\n\t\t\t\t\t\t\t\t<\/div>\n\t\t\n\t\t\t<\/div>\n\t\n\t\t<!-- Post meta before content -->\n\t\t\t\t<div class=\"post-content\">\n\n\t\t\t<h4 class=\"entry-title\"><a href=\"https:\/\/mirasol-centre.com\/es\/sabado-01-de-noviembre-mira-sol-centre-estara-abierto-de-9-00h-a-15-00h\/\">S\u00e1bado 01 de noviembre Mira-sol Centre estar\u00e1 abierto de 9.00h a 15.00h.<\/a><\/h4>\n\t\t\t<span class=\"vcard\" style=\"display: none;\"><span class=\"fn\"><a href=\"https:\/\/mirasol-centre.com\/es\/author\/designstore\/\" title=\"Entradas de DesignStore\" rel=\"author\">DesignStore<\/a><\/span><\/span><span class=\"updated\" style=\"display:none\">2025-10-30T10:30:47+00:00<\/span><p class=\"post-excerpt\">\nS\u00e1bado 01 de noviembre Mira-sol Centre estar\u00e1 abierto de 9.00h a 15.00h.\n\n\n\n\n<\/p>\t\t\t\t\t<\/div>\n\t\t<!-- Post meta after content -->\n\t\t<div class=\"post-meta\"><span class=\"meta-date\"><i class=\"far fa-calendar-alt\"><\/i>30 Octubre, 2025<\/span><\/div><div class=\"post-meta\"><span class=\"meta-cats\"><i class=\"far fa-folder\"><\/i><a href=\"https:\/\/mirasol-centre.com\/es\/category\/sin-categorizar\/\" rel=\"category tag\">Sin categorizar<\/a><\/span><\/div>\t\t<div class=\"clearfix\">\n\t\t\t<a class=\"btn btn-xs btn-default text-xs text-uppercase btn-readmore\" href=\"https:\/\/mirasol-centre.com\/es\/sabado-01-de-noviembre-mira-sol-centre-estara-abierto-de-9-00h-a-15-00h\/\">Leer m\u00e1s...<\/a>\n\t\t<\/div>\n\t<\/div>\n<\/article>\n\n<article class=\"post post-grid col-md-6 col-lg-4 post-8801 post type-post status-publish format-standard has-post-thumbnail hentry category-sin-categorizar\">\n\t<div class=\"grid-box\">\n\t\t\t<div class=\"post-image single\">\n\t\t<div class=\"post-slideshow porto-carousel owl-carousel has-ccols ccols-1  nav-inside nav-inside-center nav-style-2 show-nav-hover\" data-plugin-options='{\"nav\":true}'>\n\t\t\t\t\t\t\t\t\t\t\t<a href=\"https:\/\/mirasol-centre.com\/es\/viernes-15-de-agosto-mira-sol-centre-permanecera-cerrado-por-festividad\/\" aria-label=\"post image\">\n\t\t\t\t\t\t\t\t<div class=\"img-thumbnail\">\n\t\t\t\t\t\t<img width=\"276\" height=\"273\" src=\"https:\/\/mirasol-centre.com\/nousite\/wp-content\/uploads\/2024\/08\/cerrado.gif\" class=\"owl-lazy img-responsive\" alt=\"\" decoding=\"async\" loading=\"lazy\" \/>\t\t\t\t\t\t\t\t\t\t\t\t\t<span class=\"zoom\" data-src=\"https:\/\/mirasol-centre.com\/nousite\/wp-content\/uploads\/2024\/08\/cerrado.gif\" data-title=\"\"><i class=\"fas fa-search\"><\/i><\/span>\n\t\t\t\t\t\t\t\t\t\t\t<\/div>\n\t\t\t\t\t\t\t\t<\/a>\n\t\t\t\t\t\t\t\t<\/div>\n\t\t\n\t\t\t<\/div>\n\t\n\t\t<!-- Post meta before content -->\n\t\t\t\t<div class=\"post-content\">\n\n\t\t\t<h4 class=\"entry-title\"><a href=\"https:\/\/mirasol-centre.com\/es\/viernes-15-de-agosto-mira-sol-centre-permanecera-cerrado-por-festividad\/\">Viernes 15 de agosto, Mira-sol Centre permanecer\u00e1 cerrado, por festividad.<\/a><\/h4>\n\t\t\t<span class=\"vcard\" style=\"display: none;\"><span class=\"fn\"><a href=\"https:\/\/mirasol-centre.com\/es\/author\/designstore\/\" title=\"Entradas de DesignStore\" rel=\"author\">DesignStore<\/a><\/span><\/span><span class=\"updated\" style=\"display:none\">2025-08-01T06:34:47+00:00<\/span><p class=\"post-excerpt\">\nViernes 15 de agosto, Mira-sol Centre permanecer\u00e1 cerrado, por festividad.\n\n\n\n\n<\/p>\t\t\t\t\t<\/div>\n\t\t<!-- Post meta after content -->\n\t\t<div class=\"post-meta\"><span class=\"meta-date\"><i class=\"far fa-calendar-alt\"><\/i>1 Agosto, 2025<\/span><\/div><div class=\"post-meta\"><span class=\"meta-cats\"><i class=\"far fa-folder\"><\/i><a href=\"https:\/\/mirasol-centre.com\/es\/category\/sin-categorizar\/\" rel=\"category tag\">Sin categorizar<\/a><\/span><\/div>\t\t<div class=\"clearfix\">\n\t\t\t<a class=\"btn btn-xs btn-default text-xs text-uppercase btn-readmore\" href=\"https:\/\/mirasol-centre.com\/es\/viernes-15-de-agosto-mira-sol-centre-permanecera-cerrado-por-festividad\/\">Leer m\u00e1s...<\/a>\n\t\t<\/div>\n\t<\/div>\n<\/article>\n\n<article class=\"post post-grid col-md-6 col-lg-4 post-8770 post type-post status-publish format-standard has-post-thumbnail hentry category-sin-categorizar\">\n\t<div class=\"grid-box\">\n\t\t\t<div class=\"post-image single\">\n\t\t<div class=\"post-slideshow porto-carousel owl-carousel has-ccols ccols-1  nav-inside nav-inside-center nav-style-2 show-nav-hover\" data-plugin-options='{\"nav\":true}'>\n\t\t\t\t\t\t\t\t\t\t\t<a href=\"https:\/\/mirasol-centre.com\/es\/charla-informativa\/\" aria-label=\"post image\">\n\t\t\t\t\t\t\t\t<div class=\"img-thumbnail\">\n\t\t\t\t\t\t<img width=\"400\" height=\"300\" src=\"https:\/\/mirasol-centre.com\/nousite\/wp-content\/uploads\/2025\/07\/IG-Story-Curs-dauxiliar-polivalent-2-400x300.png\" class=\"owl-lazy img-responsive\" alt=\"\" decoding=\"async\" loading=\"lazy\" \/>\t\t\t\t\t\t\t\t\t\t\t\t\t<span class=\"zoom\" data-src=\"https:\/\/mirasol-centre.com\/nousite\/wp-content\/uploads\/2025\/07\/IG-Story-Curs-dauxiliar-polivalent-2.png\" data-title=\"\"><i class=\"fas fa-search\"><\/i><\/span>\n\t\t\t\t\t\t\t\t\t\t\t<\/div>\n\t\t\t\t\t\t\t\t<\/a>\n\t\t\t\t\t\t\t\t<\/div>\n\t\t\n\t\t\t<\/div>\n\t\n\t\t<!-- Post meta before content -->\n\t\t\t\t<div class=\"post-content\">\n\n\t\t\t<h4 class=\"entry-title\"><a href=\"https:\/\/mirasol-centre.com\/es\/charla-informativa\/\">CHARLA INFORMATIVA<\/a><\/h4>\n\t\t\t<span class=\"vcard\" style=\"display: none;\"><span class=\"fn\"><a href=\"https:\/\/mirasol-centre.com\/es\/author\/enrique\/\" title=\"Entradas de enrique\" rel=\"author\">enrique<\/a><\/span><\/span><span class=\"updated\" style=\"display:none\">2025-07-19T16:08:32+00:00<\/span><p class=\"post-excerpt\">\nCurso de auxiliar polivalente de mercados.\n\n\n\nViernes 25 de julio, a las 10:00 h.\n\n\n\nLugar: C\/ Vall\u00e8s 18. (Oficina de Sant Cugat trabajo). San Cugat del Vall\u00e9s.\n\n\n\nM\u00e1s informaci\u00f3n\n\n\n\n\n\n\n\n\n<\/p>\t\t\t\t\t<\/div>\n\t\t<!-- Post meta after content -->\n\t\t<div class=\"post-meta\"><span class=\"meta-date\"><i class=\"far fa-calendar-alt\"><\/i>19 julio, 2025<\/span><\/div><div class=\"post-meta\"><span class=\"meta-cats\"><i class=\"far fa-folder\"><\/i><a href=\"https:\/\/mirasol-centre.com\/es\/category\/sin-categorizar\/\" rel=\"category tag\">Sin categorizar<\/a><\/span><\/div>\t\t<div class=\"clearfix\">\n\t\t\t<a class=\"btn btn-xs btn-default text-xs text-uppercase btn-readmore\" href=\"https:\/\/mirasol-centre.com\/es\/charla-informativa\/\">Leer m\u00e1s...<\/a>\n\t\t<\/div>\n\t<\/div>\n<\/article>\n\n<article class=\"post post-grid col-md-6 col-lg-4 post-8759 post type-post status-publish format-standard has-post-thumbnail hentry category-sin-categorizar\">\n\t<div class=\"grid-box\">\n\t\t\t<div class=\"post-image single\">\n\t\t<div class=\"post-slideshow porto-carousel owl-carousel has-ccols ccols-1  nav-inside nav-inside-center nav-style-2 show-nav-hover\" data-plugin-options='{\"nav\":true}'>\n\t\t\t\t\t\t\t\t\t\t\t<a href=\"https:\/\/mirasol-centre.com\/es\/centenari-de-carnisseria-corral\/\" aria-label=\"post image\">\n\t\t\t\t\t\t\t\t<div class=\"img-thumbnail\">\n\t\t\t\t\t\t<img width=\"400\" height=\"300\" src=\"https:\/\/mirasol-centre.com\/nousite\/wp-content\/uploads\/2025\/06\/1000056071-400x300.jpg\" class=\"owl-lazy img-responsive\" alt=\"\" decoding=\"async\" loading=\"lazy\" srcset=\"https:\/\/mirasol-centre.com\/nousite\/wp-content\/uploads\/2025\/06\/1000056071-400x300.jpg 400w, https:\/\/mirasol-centre.com\/nousite\/wp-content\/uploads\/2025\/06\/1000056071-367x275.jpg 367w\" sizes=\"(max-width: 400px) 100vw, 400px\" \/>\t\t\t\t\t\t\t\t\t\t\t\t\t<span class=\"zoom\" data-src=\"https:\/\/mirasol-centre.com\/nousite\/wp-content\/uploads\/2025\/06\/1000056071.jpg\" data-title=\"\"><i class=\"fas fa-search\"><\/i><\/span>\n\t\t\t\t\t\t\t\t\t\t\t<\/div>\n\t\t\t\t\t\t\t\t<\/a>\n\t\t\t\t\t\t\t\t<\/div>\n\t\t\n\t\t\t<\/div>\n\t\n\t\t<!-- Post meta before content -->\n\t\t\t\t<div class=\"post-content\">\n\n\t\t\t<h4 class=\"entry-title\"><a href=\"https:\/\/mirasol-centre.com\/es\/centenari-de-carnisseria-corral\/\">\u201c CENTENARI DE CARNISSERIA CORRAL\u201d.<\/a><\/h4>\n\t\t\t<span class=\"vcard\" style=\"display: none;\"><span class=\"fn\"><a href=\"https:\/\/mirasol-centre.com\/es\/author\/designstore\/\" title=\"Entradas de DesignStore\" rel=\"author\">DesignStore<\/a><\/span><\/span><span class=\"updated\" style=\"display:none\">2025-06-11T13:17:20+00:00<\/span><p class=\"post-excerpt\">\nEl passat dissabte 31\/05, Carns Corral va celebrar amb una botifarrada popular, &nbsp;la festa del seu centenari.\n\n\n\nL\u2019esdeveniment va comptar amb activitats com: &nbsp;pinta cares, mag, sorteig de regals, acompanyats per un discj\u00f2quei i un animador, per tal de passar una fant\u00e0stica i c\u00e0lida jornada.\n\n\n\nL\u00b4Ajuntament de la vila, representat pel batlle Josep Maria Vall\u00e8s i Navarro i per la regidora Esther Madrona i Grases, van lliurar una placa commemorativa pels seus 100 anys d\u00b4hist\u00f2ria.\n\n\n\nDes de Mirasol Centre, ens va fer molta...<\/p>\t\t\t\t\t<\/div>\n\t\t<!-- Post meta after content -->\n\t\t<div class=\"post-meta\"><span class=\"meta-date\"><i class=\"far fa-calendar-alt\"><\/i>11 Junio, 2025<\/span><\/div><div class=\"post-meta\"><span class=\"meta-cats\"><i class=\"far fa-folder\"><\/i><a href=\"https:\/\/mirasol-centre.com\/es\/category\/sin-categorizar\/\" rel=\"category tag\">Sin categorizar<\/a><\/span><\/div>\t\t<div class=\"clearfix\">\n\t\t\t<a class=\"btn btn-xs btn-default text-xs text-uppercase btn-readmore\" href=\"https:\/\/mirasol-centre.com\/es\/centenari-de-carnisseria-corral\/\">Leer m\u00e1s...<\/a>\n\t\t<\/div>\n\t<\/div>\n<\/article>\n\n<article class=\"post post-grid col-md-6 col-lg-4 post-8751 post type-post status-publish format-standard has-post-thumbnail hentry category-sin-categorizar\">\n\t<div class=\"grid-box\">\n\t\t\t<div class=\"post-image single\">\n\t\t<div class=\"post-slideshow porto-carousel owl-carousel has-ccols ccols-1  nav-inside nav-inside-center nav-style-2 show-nav-hover\" data-plugin-options='{\"nav\":true}'>\n\t\t\t\t\t\t\t\t\t\t\t<a href=\"https:\/\/mirasol-centre.com\/es\/ja-tenim-guanyadora-del-concurs-de-dibuix-de-punts-de-llibre\/\" aria-label=\"post image\">\n\t\t\t\t\t\t\t\t<div class=\"img-thumbnail\">\n\t\t\t\t\t\t<img width=\"400\" height=\"300\" src=\"https:\/\/mirasol-centre.com\/nousite\/wp-content\/uploads\/2025\/06\/1000055789-400x300.jpg\" class=\"owl-lazy img-responsive\" alt=\"\" decoding=\"async\" loading=\"lazy\" srcset=\"https:\/\/mirasol-centre.com\/nousite\/wp-content\/uploads\/2025\/06\/1000055789-400x300.jpg 400w, https:\/\/mirasol-centre.com\/nousite\/wp-content\/uploads\/2025\/06\/1000055789-367x275.jpg 367w\" sizes=\"(max-width: 400px) 100vw, 400px\" \/>\t\t\t\t\t\t\t\t\t\t\t\t\t<span class=\"zoom\" data-src=\"https:\/\/mirasol-centre.com\/nousite\/wp-content\/uploads\/2025\/06\/1000055789.jpg\" data-title=\"\"><i class=\"fas fa-search\"><\/i><\/span>\n\t\t\t\t\t\t\t\t\t\t\t<\/div>\n\t\t\t\t\t\t\t\t<\/a>\n\t\t\t\t\t\t\t\t<\/div>\n\t\t\n\t\t\t<\/div>\n\t\n\t\t<!-- Post meta before content -->\n\t\t\t\t<div class=\"post-content\">\n\n\t\t\t<h4 class=\"entry-title\"><a href=\"https:\/\/mirasol-centre.com\/es\/ja-tenim-guanyadora-del-concurs-de-dibuix-de-punts-de-llibre\/\">\u201c JA TENIM GUANYADORA DEL CONCURS DE DIBUIX DE PUNTS DE LLIBRE \u201c.<\/a><\/h4>\n\t\t\t<span class=\"vcard\" style=\"display: none;\"><span class=\"fn\"><a href=\"https:\/\/mirasol-centre.com\/es\/author\/designstore\/\" title=\"Entradas de DesignStore\" rel=\"author\">DesignStore<\/a><\/span><\/span><span class=\"updated\" style=\"display:none\">2025-06-11T13:10:01+00:00<\/span><p class=\"post-excerpt\">\nVolem agrair la participaci\u00f3 de tots els infants, que han participat en el concurs, per la seva creativitat, originalitat i disseny en els punts de llibre que hem rebut.\n\n\n\nLa finalitat del concurs ha estat promoure els valors dels productes frescos, de proximitat i saludables dels mercats municipals de la Vila de Sant Cugat del Vall\u00e8s.\n\n\n\nVolem felicitar a la Paula, guanyadora pel fant\u00e0stic punt de llibre que vas pintar, amb parades del Mercat. Disseny alineat amb la tem\u00e0tica i filosofia dels...<\/p>\t\t\t\t\t<\/div>\n\t\t<!-- Post meta after content -->\n\t\t<div class=\"post-meta\"><span class=\"meta-date\"><i class=\"far fa-calendar-alt\"><\/i>11 Junio, 2025<\/span><\/div><div class=\"post-meta\"><span class=\"meta-cats\"><i class=\"far fa-folder\"><\/i><a href=\"https:\/\/mirasol-centre.com\/es\/category\/sin-categorizar\/\" rel=\"category tag\">Sin categorizar<\/a><\/span><\/div>\t\t<div class=\"clearfix\">\n\t\t\t<a class=\"btn btn-xs btn-default text-xs text-uppercase btn-readmore\" href=\"https:\/\/mirasol-centre.com\/es\/ja-tenim-guanyadora-del-concurs-de-dibuix-de-punts-de-llibre\/\">Leer m\u00e1s...<\/a>\n\t\t<\/div>\n\t<\/div>\n<\/article>\n\n<article class=\"post post-grid col-md-6 col-lg-4 post-8744 post type-post status-publish format-standard has-post-thumbnail hentry category-sin-categorizar\">\n\t<div class=\"grid-box\">\n\t\t\t<div class=\"post-image single\">\n\t\t<div class=\"post-slideshow porto-carousel owl-carousel has-ccols ccols-1  nav-inside nav-inside-center nav-style-2 show-nav-hover\" data-plugin-options='{\"nav\":true}'>\n\t\t\t\t\t\t\t\t\t\t\t<a href=\"https:\/\/mirasol-centre.com\/es\/lunes-9-i-martes-24-de-junio-mira-sol-centre-permanecera-cerrado-por-festividad\/\" aria-label=\"post image\">\n\t\t\t\t\t\t\t\t<div class=\"img-thumbnail\">\n\t\t\t\t\t\t<img width=\"276\" height=\"273\" src=\"https:\/\/mirasol-centre.com\/nousite\/wp-content\/uploads\/2024\/08\/cerrado.gif\" class=\"owl-lazy img-responsive\" alt=\"\" decoding=\"async\" loading=\"lazy\" \/>\t\t\t\t\t\t\t\t\t\t\t\t\t<span class=\"zoom\" data-src=\"https:\/\/mirasol-centre.com\/nousite\/wp-content\/uploads\/2024\/08\/cerrado.gif\" data-title=\"\"><i class=\"fas fa-search\"><\/i><\/span>\n\t\t\t\t\t\t\t\t\t\t\t<\/div>\n\t\t\t\t\t\t\t\t<\/a>\n\t\t\t\t\t\t\t\t<\/div>\n\t\t\n\t\t\t<\/div>\n\t\n\t\t<!-- Post meta before content -->\n\t\t\t\t<div class=\"post-content\">\n\n\t\t\t<h4 class=\"entry-title\"><a href=\"https:\/\/mirasol-centre.com\/es\/lunes-9-i-martes-24-de-junio-mira-sol-centre-permanecera-cerrado-por-festividad\/\">Lunes 9 i martes 24 de junio, Mira-sol Centre permanecer\u00e1 cerrado, por festividad.<\/a><\/h4>\n\t\t\t<span class=\"vcard\" style=\"display: none;\"><span class=\"fn\"><a href=\"https:\/\/mirasol-centre.com\/es\/author\/designstore\/\" title=\"Entradas de DesignStore\" rel=\"author\">DesignStore<\/a><\/span><\/span><span class=\"updated\" style=\"display:none\">2025-06-11T13:00:11+00:00<\/span><p class=\"post-excerpt\">\nLunes 9 de junio (Lunes de Pascua Granada) y martes 24 (Sant Joan), &nbsp;Mira-sol Centre permanecer\u00e1 cerrado, por festividad.\n\n\n\n\n<\/p>\t\t\t\t\t<\/div>\n\t\t<!-- Post meta after content -->\n\t\t<div class=\"post-meta\"><span class=\"meta-date\"><i class=\"far fa-calendar-alt\"><\/i>4 Junio, 2025<\/span><\/div><div class=\"post-meta\"><span class=\"meta-cats\"><i class=\"far fa-folder\"><\/i><a href=\"https:\/\/mirasol-centre.com\/es\/category\/sin-categorizar\/\" rel=\"category tag\">Sin categorizar<\/a><\/span><\/div>\t\t<div class=\"clearfix\">\n\t\t\t<a class=\"btn btn-xs btn-default text-xs text-uppercase btn-readmore\" href=\"https:\/\/mirasol-centre.com\/es\/lunes-9-i-martes-24-de-junio-mira-sol-centre-permanecera-cerrado-por-festividad\/\">Leer m\u00e1s...<\/a>\n\t\t<\/div>\n\t<\/div>\n<\/article>\n\n<article class=\"post post-grid col-md-6 col-lg-4 post-8726 post type-post status-publish format-standard has-post-thumbnail hentry category-sin-categorizar\">\n\t<div class=\"grid-box\">\n\t\t\t<div class=\"post-image single\">\n\t\t<div class=\"post-slideshow porto-carousel owl-carousel has-ccols ccols-1  nav-inside nav-inside-center nav-style-2 show-nav-hover\" data-plugin-options='{\"nav\":true}'>\n\t\t\t\t\t\t\t\t\t\t\t<a href=\"https:\/\/mirasol-centre.com\/es\/concurrencia-publica-adjudicacio-dun-local-comercial-a-mira-sol-centre\/\" aria-label=\"post image\">\n\t\t\t\t\t\t\t\t<div class=\"img-thumbnail\">\n\t\t\t\t\t\t<img width=\"400\" height=\"300\" src=\"https:\/\/mirasol-centre.com\/nousite\/wp-content\/uploads\/2025\/05\/mirasol-400x300.jpg\" class=\"owl-lazy img-responsive\" alt=\"\" decoding=\"async\" loading=\"lazy\" \/>\t\t\t\t\t\t\t\t\t\t\t\t\t<span class=\"zoom\" data-src=\"https:\/\/mirasol-centre.com\/nousite\/wp-content\/uploads\/2025\/05\/mirasol.jpg\" data-title=\"\"><i class=\"fas fa-search\"><\/i><\/span>\n\t\t\t\t\t\t\t\t\t\t\t<\/div>\n\t\t\t\t\t\t\t\t<\/a>\n\t\t\t\t\t\t\t\t<\/div>\n\t\t\n\t\t\t<\/div>\n\t\n\t\t<!-- Post meta before content -->\n\t\t\t\t<div class=\"post-content\">\n\n\t\t\t<h4 class=\"entry-title\"><a href=\"https:\/\/mirasol-centre.com\/es\/concurrencia-publica-adjudicacio-dun-local-comercial-a-mira-sol-centre\/\">Concurr\u00e8ncia P\u00fablica: Adjudicaci\u00f3 d\u2019un Local Comercial a Mira-sol Centre<\/a><\/h4>\n\t\t\t<span class=\"vcard\" style=\"display: none;\"><span class=\"fn\"><a href=\"https:\/\/mirasol-centre.com\/es\/author\/designstore\/\" title=\"Entradas de DesignStore\" rel=\"author\">DesignStore<\/a><\/span><\/span><span class=\"updated\" style=\"display:none\">2025-05-08T17:38:40+00:00<\/span><p class=\"post-excerpt\">\nConcurr\u00e8ncia P\u00fablica: Adjudicaci\u00f3 d\u2019un Local Comercial a Mira-sol Centre\n\n\n\nEs fa p\u00fablica l\u2019adjudicaci\u00f3 del contracte d\u2019arrendament del local comercial H-L5 situat a la pla\u00e7a Ausi\u00e0s March 1-9 a la centralitat comercial de Mira-sol Centre a Sant Cugat del Vall\u00e8s \u2013 mitjan\u00e7ant concurr\u00e8ncia p\u00fablica d\u2019ofertes-. (EXP. 2743\/2025).\n\n\n\nLes persones interessades podran presentar les seves propostes fins el dia 30 de maig a les 14,00h, preferentment a les oficines d\u2019atenci\u00f3 a la ciutadania de Promusa del Passeig de Francesc Maci\u00e0, n\u00fam. 16-20, en un...<\/p>\t\t\t\t\t<\/div>\n\t\t<!-- Post meta after content -->\n\t\t<div class=\"post-meta\"><span class=\"meta-date\"><i class=\"far fa-calendar-alt\"><\/i>8 Mayo, 2025<\/span><\/div><div class=\"post-meta\"><span class=\"meta-cats\"><i class=\"far fa-folder\"><\/i><a href=\"https:\/\/mirasol-centre.com\/es\/category\/sin-categorizar\/\" rel=\"category tag\">Sin categorizar<\/a><\/span><\/div>\t\t<div class=\"clearfix\">\n\t\t\t<a class=\"btn btn-xs btn-default text-xs text-uppercase btn-readmore\" href=\"https:\/\/mirasol-centre.com\/es\/concurrencia-publica-adjudicacio-dun-local-comercial-a-mira-sol-centre\/\">Leer m\u00e1s...<\/a>\n\t\t<\/div>\n\t<\/div>\n<\/article>\n\n<article class=\"post post-grid col-md-6 col-lg-4 post-8716 post type-post status-publish format-standard has-post-thumbnail hentry category-sin-categorizar\">\n\t<div class=\"grid-box\">\n\t\t\t<div class=\"post-image single\">\n\t\t<div class=\"post-slideshow porto-carousel owl-carousel has-ccols ccols-1  nav-inside nav-inside-center nav-style-2 show-nav-hover\" data-plugin-options='{\"nav\":true}'>\n\t\t\t\t\t\t\t\t\t\t\t<a href=\"https:\/\/mirasol-centre.com\/es\/viernes-18-y-lunes-21-de-abril-mira-sol-centre-permanecera-cerrado-por-festividad\/\" aria-label=\"post image\">\n\t\t\t\t\t\t\t\t<div class=\"img-thumbnail\">\n\t\t\t\t\t\t<img width=\"276\" height=\"273\" src=\"https:\/\/mirasol-centre.com\/nousite\/wp-content\/uploads\/2024\/08\/cerrado.gif\" class=\"owl-lazy img-responsive\" alt=\"\" decoding=\"async\" loading=\"lazy\" \/>\t\t\t\t\t\t\t\t\t\t\t\t\t<span class=\"zoom\" data-src=\"https:\/\/mirasol-centre.com\/nousite\/wp-content\/uploads\/2024\/08\/cerrado.gif\" data-title=\"\"><i class=\"fas fa-search\"><\/i><\/span>\n\t\t\t\t\t\t\t\t\t\t\t<\/div>\n\t\t\t\t\t\t\t\t<\/a>\n\t\t\t\t\t\t\t\t<\/div>\n\t\t\n\t\t\t<\/div>\n\t\n\t\t<!-- Post meta before content -->\n\t\t\t\t<div class=\"post-content\">\n\n\t\t\t<h4 class=\"entry-title\"><a href=\"https:\/\/mirasol-centre.com\/es\/viernes-18-y-lunes-21-de-abril-mira-sol-centre-permanecera-cerrado-por-festividad\/\">Viernes 18 y lunes 21 de abril, Mira-sol Centre permanecer\u00e1 cerrado, por festividad.<\/a><\/h4>\n\t\t\t<span class=\"vcard\" style=\"display: none;\"><span class=\"fn\"><a href=\"https:\/\/mirasol-centre.com\/es\/author\/designstore\/\" title=\"Entradas de DesignStore\" rel=\"author\">DesignStore<\/a><\/span><\/span><span class=\"updated\" style=\"display:none\">2025-04-13T17:48:04+00:00<\/span><p class=\"post-excerpt\">\nViernes 18 y lunes 21 de abril , \u00a0Mira-sol Centre permanecer\u00e1 cerrado, por festividad.\n\n\n\n\n<\/p>\t\t\t\t\t<\/div>\n\t\t<!-- Post meta after content -->\n\t\t<div class=\"post-meta\"><span class=\"meta-date\"><i class=\"far fa-calendar-alt\"><\/i>13 Abril, 2025<\/span><\/div><div class=\"post-meta\"><span class=\"meta-cats\"><i class=\"far fa-folder\"><\/i><a href=\"https:\/\/mirasol-centre.com\/es\/category\/sin-categorizar\/\" rel=\"category tag\">Sin categorizar<\/a><\/span><\/div>\t\t<div class=\"clearfix\">\n\t\t\t<a class=\"btn btn-xs btn-default text-xs text-uppercase btn-readmore\" href=\"https:\/\/mirasol-centre.com\/es\/viernes-18-y-lunes-21-de-abril-mira-sol-centre-permanecera-cerrado-por-festividad\/\">Leer m\u00e1s...<\/a>\n\t\t<\/div>\n\t<\/div>\n<\/article>\n\n<article class=\"post post-grid col-md-6 col-lg-4 post-8706 post type-post status-publish format-standard has-post-thumbnail hentry category-sin-categorizar\">\n\t<div class=\"grid-box\">\n\t\t\t<div class=\"post-image single\">\n\t\t<div class=\"post-slideshow porto-carousel owl-carousel has-ccols ccols-1  nav-inside nav-inside-center nav-style-2 show-nav-hover\" data-plugin-options='{\"nav\":true}'>\n\t\t\t\t\t\t\t\t\t\t\t<a href=\"https:\/\/mirasol-centre.com\/es\/taller-de-adiestramiento-sabado\/\" aria-label=\"post image\">\n\t\t\t\t\t\t\t\t<div class=\"img-thumbnail\">\n\t\t\t\t\t\t<img width=\"400\" height=\"300\" src=\"https:\/\/mirasol-centre.com\/nousite\/wp-content\/uploads\/2025\/03\/ADIESTRAMIENTO_BASICO_MIR-400x300.jpg\" class=\"owl-lazy img-responsive\" alt=\"\" decoding=\"async\" loading=\"lazy\" \/>\t\t\t\t\t\t\t\t\t\t\t\t\t<span class=\"zoom\" data-src=\"https:\/\/mirasol-centre.com\/nousite\/wp-content\/uploads\/2025\/03\/ADIESTRAMIENTO_BASICO_MIR-scaled.jpg\" data-title=\"\"><i class=\"fas fa-search\"><\/i><\/span>\n\t\t\t\t\t\t\t\t\t\t\t<\/div>\n\t\t\t\t\t\t\t\t<\/a>\n\t\t\t\t\t\t\t\t<\/div>\n\t\t\n\t\t\t<\/div>\n\t\n\t\t<!-- Post meta before content -->\n\t\t\t\t<div class=\"post-content\">\n\n\t\t\t<h4 class=\"entry-title\"><a href=\"https:\/\/mirasol-centre.com\/es\/taller-de-adiestramiento-sabado\/\">Taller de Adiestramiento S\u00e1bado<\/a><\/h4>\n\t\t\t<span class=\"vcard\" style=\"display: none;\"><span class=\"fn\"><a href=\"https:\/\/mirasol-centre.com\/es\/author\/designstore\/\" title=\"Entradas de DesignStore\" rel=\"author\">DesignStore<\/a><\/span><\/span><span class=\"updated\" style=\"display:none\">2025-03-24T15:31:31+00:00<\/span><p class=\"post-excerpt\">\nTaller de Adiestramiento S\u00e1bado\n\n\n\n22 de marzo a las 17:30h. en la tienda de Mira-Sol\n\n\n\nhttps:\/\/www.doncanino.com\/info\/talleres-inscripcion-3\n\n\n\n\n\n\n<\/p>\t\t\t\t\t<\/div>\n\t\t<!-- Post meta after content -->\n\t\t<div class=\"post-meta\"><span class=\"meta-date\"><i class=\"far fa-calendar-alt\"><\/i>20 Marzo, 2025<\/span><\/div><div class=\"post-meta\"><span class=\"meta-cats\"><i class=\"far fa-folder\"><\/i><a href=\"https:\/\/mirasol-centre.com\/es\/category\/sin-categorizar\/\" rel=\"category tag\">Sin categorizar<\/a><\/span><\/div>\t\t<div class=\"clearfix\">\n\t\t\t<a class=\"btn btn-xs btn-default text-xs text-uppercase btn-readmore\" href=\"https:\/\/mirasol-centre.com\/es\/taller-de-adiestramiento-sabado\/\">Leer m\u00e1s...<\/a>\n\t\t<\/div>\n\t<\/div>\n<\/article>\n\n<article class=\"post post-grid col-md-6 col-lg-4 post-8691 post type-post status-publish format-standard has-post-thumbnail hentry category-sin-categorizar\">\n\t<div class=\"grid-box\">\n\t\t\t<div class=\"post-image single\">\n\t\t<div class=\"post-slideshow porto-carousel owl-carousel has-ccols ccols-1  nav-inside nav-inside-center nav-style-2 show-nav-hover\" data-plugin-options='{\"nav\":true}'>\n\t\t\t\t\t\t\t\t\t\t\t<a href=\"https:\/\/mirasol-centre.com\/es\/cesion-del-espacio-comun-ubicado-en-la-centralitat-de-mira-sol-centre-de-sant-cugat-del-valles-2\/\" aria-label=\"post image\">\n\t\t\t\t\t\t\t\t<div class=\"img-thumbnail\">\n\t\t\t\t\t\t<img width=\"400\" height=\"300\" src=\"https:\/\/mirasol-centre.com\/nousite\/wp-content\/uploads\/2024\/10\/Documentos-con-validacion-electronicas-autenticas-400x300.jpg\" class=\"owl-lazy img-responsive\" alt=\"\" decoding=\"async\" loading=\"lazy\" \/>\t\t\t\t\t\t\t\t\t\t\t\t\t<span class=\"zoom\" data-src=\"https:\/\/mirasol-centre.com\/nousite\/wp-content\/uploads\/2024\/10\/Documentos-con-validacion-electronicas-autenticas.jpg\" data-title=\"\"><i class=\"fas fa-search\"><\/i><\/span>\n\t\t\t\t\t\t\t\t\t\t\t<\/div>\n\t\t\t\t\t\t\t\t<\/a>\n\t\t\t\t\t\t\t\t<\/div>\n\t\t\n\t\t\t<\/div>\n\t\n\t\t<!-- Post meta before content -->\n\t\t\t\t<div class=\"post-content\">\n\n\t\t\t<h4 class=\"entry-title\"><a href=\"https:\/\/mirasol-centre.com\/es\/cesion-del-espacio-comun-ubicado-en-la-centralitat-de-mira-sol-centre-de-sant-cugat-del-valles-2\/\">CESI\u00d3N DEL ESPACIO COMUN UBICADO EN LA CENTRALITAT DE MIRA-SOL CENTRE DE SANT CUGAT DEL VALL\u00c9S\u201d.<\/a><\/h4>\n\t\t\t<span class=\"vcard\" style=\"display: none;\"><span class=\"fn\"><a href=\"https:\/\/mirasol-centre.com\/es\/author\/designstore\/\" title=\"Entradas de DesignStore\" rel=\"author\">DesignStore<\/a><\/span><\/span><span class=\"updated\" style=\"display:none\">2025-03-12T18:29:26+00:00<\/span><p class=\"post-excerpt\">\nCESI\u00d3N DEL ESPACIO COMUN UBICADO EN LA CENTRALITAT DE MIRA-SOL CENTRE DE SANT CUGAT DEL VALL\u00c9S\u201d.\n\n\n\nAnexo I Planos ubicaciones\n\n\n\nAnexo II NORMAS FUNCIONAMIENTO Mira-sol Centre\n\n\n\nAnexo III Contrato Tipo\n\n\n\nAnexo IV declaraci\u00f3n responsable\n\n\n\nPliego de condiciones Quiosco\n\n\n\n\n<\/p>\t\t\t\t\t<\/div>\n\t\t<!-- Post meta after content -->\n\t\t<div class=\"post-meta\"><span class=\"meta-date\"><i class=\"far fa-calendar-alt\"><\/i>12 Marzo, 2025<\/span><\/div><div class=\"post-meta\"><span class=\"meta-cats\"><i class=\"far fa-folder\"><\/i><a href=\"https:\/\/mirasol-centre.com\/es\/category\/sin-categorizar\/\" rel=\"category tag\">Sin categorizar<\/a><\/span><\/div>\t\t<div class=\"clearfix\">\n\t\t\t<a class=\"btn btn-xs btn-default text-xs text-uppercase btn-readmore\" href=\"https:\/\/mirasol-centre.com\/es\/cesion-del-espacio-comun-ubicado-en-la-centralitat-de-mira-sol-centre-de-sant-cugat-del-valles-2\/\">Leer m\u00e1s...<\/a>\n\t\t<\/div>\n\t<\/div>\n<\/article>\n\n<article class=\"post post-grid col-md-6 col-lg-4 post-8686 post type-post status-publish format-standard has-post-thumbnail hentry category-sin-categorizar\">\n\t<div class=\"grid-box\">\n\t\t\t<div class=\"post-image single\">\n\t\t<div class=\"post-slideshow porto-carousel owl-carousel has-ccols ccols-1  nav-inside nav-inside-center nav-style-2 show-nav-hover\" data-plugin-options='{\"nav\":true}'>\n\t\t\t\t\t\t\t\t\t\t\t<a href=\"https:\/\/mirasol-centre.com\/es\/lunes-3-de-marzo-mira-sol-centre-permanecera-cerrado-por-festividad\/\" aria-label=\"post image\">\n\t\t\t\t\t\t\t\t<div class=\"img-thumbnail\">\n\t\t\t\t\t\t<img width=\"276\" height=\"273\" src=\"https:\/\/mirasol-centre.com\/nousite\/wp-content\/uploads\/2024\/08\/cerrado.gif\" class=\"owl-lazy img-responsive\" alt=\"\" decoding=\"async\" loading=\"lazy\" \/>\t\t\t\t\t\t\t\t\t\t\t\t\t<span class=\"zoom\" data-src=\"https:\/\/mirasol-centre.com\/nousite\/wp-content\/uploads\/2024\/08\/cerrado.gif\" data-title=\"\"><i class=\"fas fa-search\"><\/i><\/span>\n\t\t\t\t\t\t\t\t\t\t\t<\/div>\n\t\t\t\t\t\t\t\t<\/a>\n\t\t\t\t\t\t\t\t<\/div>\n\t\t\n\t\t\t<\/div>\n\t\n\t\t<!-- Post meta before content -->\n\t\t\t\t<div class=\"post-content\">\n\n\t\t\t<h4 class=\"entry-title\"><a href=\"https:\/\/mirasol-centre.com\/es\/lunes-3-de-marzo-mira-sol-centre-permanecera-cerrado-por-festividad\/\">Lunes 3 de Marzo Mira-sol Centre permanecer\u00e1 cerrado por festividad.<\/a><\/h4>\n\t\t\t<span class=\"vcard\" style=\"display: none;\"><span class=\"fn\"><a href=\"https:\/\/mirasol-centre.com\/es\/author\/designstore\/\" title=\"Entradas de DesignStore\" rel=\"author\">DesignStore<\/a><\/span><\/span><span class=\"updated\" style=\"display:none\">2025-03-03T07:26:55+00:00<\/span><p class=\"post-excerpt\">\nLunes 3 de Marzo Mira-sol Centre permanecer\u00e1 cerrado por festividad.\n\n\n\n\n<\/p>\t\t\t\t\t<\/div>\n\t\t<!-- Post meta after content -->\n\t\t<div class=\"post-meta\"><span class=\"meta-date\"><i class=\"far fa-calendar-alt\"><\/i>3 Marzo, 2025<\/span><\/div><div class=\"post-meta\"><span class=\"meta-cats\"><i class=\"far fa-folder\"><\/i><a href=\"https:\/\/mirasol-centre.com\/es\/category\/sin-categorizar\/\" rel=\"category tag\">Sin categorizar<\/a><\/span><\/div>\t\t<div class=\"clearfix\">\n\t\t\t<a class=\"btn btn-xs btn-default text-xs text-uppercase btn-readmore\" href=\"https:\/\/mirasol-centre.com\/es\/lunes-3-de-marzo-mira-sol-centre-permanecera-cerrado-por-festividad\/\">Leer m\u00e1s...<\/a>\n\t\t<\/div>\n\t<\/div>\n<\/article>\n\n<article class=\"post post-grid col-md-6 col-lg-4 post-8677 post type-post status-publish format-standard has-post-thumbnail hentry category-sin-categorizar\">\n\t<div class=\"grid-box\">\n\t\t\t<div class=\"post-image single\">\n\t\t<div class=\"post-slideshow porto-carousel owl-carousel has-ccols ccols-1  nav-inside nav-inside-center nav-style-2 show-nav-hover\" data-plugin-options='{\"nav\":true}'>\n\t\t\t\t\t\t\t\t\t\t\t<a href=\"https:\/\/mirasol-centre.com\/es\/taller-de-caniche\/\" aria-label=\"post image\">\n\t\t\t\t\t\t\t\t<div class=\"img-thumbnail\">\n\t\t\t\t\t\t<img width=\"400\" height=\"300\" src=\"https:\/\/mirasol-centre.com\/nousite\/wp-content\/uploads\/2025\/02\/caniche-400x300.jpg\" class=\"owl-lazy img-responsive\" alt=\"\" decoding=\"async\" loading=\"lazy\" \/>\t\t\t\t\t\t\t\t\t\t\t\t\t<span class=\"zoom\" data-src=\"https:\/\/mirasol-centre.com\/nousite\/wp-content\/uploads\/2025\/02\/caniche-scaled.jpg\" data-title=\"\"><i class=\"fas fa-search\"><\/i><\/span>\n\t\t\t\t\t\t\t\t\t\t\t<\/div>\n\t\t\t\t\t\t\t\t<\/a>\n\t\t\t\t\t\t\t\t<\/div>\n\t\t\n\t\t\t<\/div>\n\t\n\t\t<!-- Post meta before content -->\n\t\t\t\t<div class=\"post-content\">\n\n\t\t\t<h4 class=\"entry-title\"><a href=\"https:\/\/mirasol-centre.com\/es\/taller-de-caniche\/\">Taller de Caniche<\/a><\/h4>\n\t\t\t<span class=\"vcard\" style=\"display: none;\"><span class=\"fn\"><a href=\"https:\/\/mirasol-centre.com\/es\/author\/designstore\/\" title=\"Entradas de DesignStore\" rel=\"author\">DesignStore<\/a><\/span><\/span><span class=\"updated\" style=\"display:none\">2025-02-10T09:33:31+00:00<\/span><p class=\"post-excerpt\">\nTaller de Caniche\n\n\n\nS\u00e1bado 15 de Febrero a las 17:30 h.\n\n\n\nhttps:\/\/www.doncanino.com\/info\/talleres-inscripcion-6\n\n\n\n\n<\/p>\t\t\t\t\t<\/div>\n\t\t<!-- Post meta after content -->\n\t\t<div class=\"post-meta\"><span class=\"meta-date\"><i class=\"far fa-calendar-alt\"><\/i>10 Febrero, 2025<\/span><\/div><div class=\"post-meta\"><span class=\"meta-cats\"><i class=\"far fa-folder\"><\/i><a href=\"https:\/\/mirasol-centre.com\/es\/category\/sin-categorizar\/\" rel=\"category tag\">Sin categorizar<\/a><\/span><\/div>\t\t<div class=\"clearfix\">\n\t\t\t<a class=\"btn btn-xs btn-default text-xs text-uppercase btn-readmore\" href=\"https:\/\/mirasol-centre.com\/es\/taller-de-caniche\/\">Leer m\u00e1s...<\/a>\n\t\t<\/div>\n\t<\/div>\n<\/article>\n\n<article class=\"post post-grid col-md-6 col-lg-4 post-8667 post type-post status-publish format-standard has-post-thumbnail hentry category-sin-categorizar\">\n\t<div class=\"grid-box\">\n\t\t\t<div class=\"post-image single\">\n\t\t<div class=\"post-slideshow porto-carousel owl-carousel has-ccols ccols-1  nav-inside nav-inside-center nav-style-2 show-nav-hover\" data-plugin-options='{\"nav\":true}'>\n\t\t\t\t\t\t\t\t\t\t\t<a href=\"https:\/\/mirasol-centre.com\/es\/horarios-mercado-campana-de-navidad-2024-2025\/\" aria-label=\"post image\">\n\t\t\t\t\t\t\t\t<div class=\"img-thumbnail\">\n\t\t\t\t\t\t<img width=\"400\" height=\"300\" src=\"https:\/\/mirasol-centre.com\/nousite\/wp-content\/uploads\/2024\/12\/mirasol-nadal-400x300.jpeg\" class=\"owl-lazy img-responsive\" alt=\"\" decoding=\"async\" loading=\"lazy\" \/>\t\t\t\t\t\t\t\t\t\t\t\t\t<span class=\"zoom\" data-src=\"https:\/\/mirasol-centre.com\/nousite\/wp-content\/uploads\/2024\/12\/mirasol-nadal.jpeg\" data-title=\"\"><i class=\"fas fa-search\"><\/i><\/span>\n\t\t\t\t\t\t\t\t\t\t\t<\/div>\n\t\t\t\t\t\t\t\t<\/a>\n\t\t\t\t\t\t\t\t<\/div>\n\t\t\n\t\t\t<\/div>\n\t\n\t\t<!-- Post meta before content -->\n\t\t\t\t<div class=\"post-content\">\n\n\t\t\t<h4 class=\"entry-title\"><a href=\"https:\/\/mirasol-centre.com\/es\/horarios-mercado-campana-de-navidad-2024-2025\/\">HORARIOS MERCADO CAMPA\u00d1A DE NAVIDAD 2024\/2025<\/a><\/h4>\n\t\t\t<span class=\"vcard\" style=\"display: none;\"><span class=\"fn\"><a href=\"https:\/\/mirasol-centre.com\/es\/author\/designstore\/\" title=\"Entradas de DesignStore\" rel=\"author\">DesignStore<\/a><\/span><\/span><span class=\"updated\" style=\"display:none\">2024-12-18T09:02:09+00:00<\/span><p class=\"post-excerpt\">\nHORARIOS MERCADO CAMPA\u00d1A DE NAVIDAD 2024\/2025\n\n\n\n22 diciembre, CERRADO.\n\n\n\n24 diciembre, de 9.00 a 19.00 h.\n\n\n\n25 diciembre, CERRADO.\n\n\n\n26 diciembre , CERRADO.\n\n\n\n29 diciembre, CERRADO.\n\n\n\n31 diciembre, de 9.00 a 19.00 h.\n\n\n\n1 enero, CERRADO.\n\n\n\n5 enero, CERRADO.\n\n\n\n6 enero, CERRADO.\n\n\n\nEl resto de d\u00edas en nuestro horario habitual de 9.00 h a 21.00 h.\n\n\n\n\n<\/p>\t\t\t\t\t<\/div>\n\t\t<!-- Post meta after content -->\n\t\t<div class=\"post-meta\"><span class=\"meta-date\"><i class=\"far fa-calendar-alt\"><\/i>18 Diciembre, 2024<\/span><\/div><div class=\"post-meta\"><span class=\"meta-cats\"><i class=\"far fa-folder\"><\/i><a href=\"https:\/\/mirasol-centre.com\/es\/category\/sin-categorizar\/\" rel=\"category tag\">Sin categorizar<\/a><\/span><\/div>\t\t<div class=\"clearfix\">\n\t\t\t<a class=\"btn btn-xs btn-default text-xs text-uppercase btn-readmore\" href=\"https:\/\/mirasol-centre.com\/es\/horarios-mercado-campana-de-navidad-2024-2025\/\">Leer m\u00e1s...<\/a>\n\t\t<\/div>\n\t<\/div>\n<\/article>\n\n<article class=\"post post-grid col-md-6 col-lg-4 post-8660 post type-post status-publish format-standard has-post-thumbnail hentry category-sin-categorizar\">\n\t<div class=\"grid-box\">\n\t\t\t<div class=\"post-image single\">\n\t\t<div class=\"post-slideshow porto-carousel owl-carousel has-ccols ccols-1  nav-inside nav-inside-center nav-style-2 show-nav-hover\" data-plugin-options='{\"nav\":true}'>\n\t\t\t\t\t\t\t\t\t\t\t<a href=\"https:\/\/mirasol-centre.com\/es\/taller-cachorros\/\" aria-label=\"post image\">\n\t\t\t\t\t\t\t\t<div class=\"img-thumbnail\">\n\t\t\t\t\t\t<img width=\"400\" height=\"300\" src=\"https:\/\/mirasol-centre.com\/nousite\/wp-content\/uploads\/2024\/12\/cachorros-mirasol-400x300.jpg\" class=\"owl-lazy img-responsive\" alt=\"\" decoding=\"async\" loading=\"lazy\" \/>\t\t\t\t\t\t\t\t\t\t\t\t\t<span class=\"zoom\" data-src=\"https:\/\/mirasol-centre.com\/nousite\/wp-content\/uploads\/2024\/12\/cachorros-mirasol-scaled.jpg\" data-title=\"\"><i class=\"fas fa-search\"><\/i><\/span>\n\t\t\t\t\t\t\t\t\t\t\t<\/div>\n\t\t\t\t\t\t\t\t<\/a>\n\t\t\t\t\t\t\t\t<\/div>\n\t\t\n\t\t\t<\/div>\n\t\n\t\t<!-- Post meta before content -->\n\t\t\t\t<div class=\"post-content\">\n\n\t\t\t<h4 class=\"entry-title\"><a href=\"https:\/\/mirasol-centre.com\/es\/taller-cachorros\/\">Taller Cachorros<\/a><\/h4>\n\t\t\t<span class=\"vcard\" style=\"display: none;\"><span class=\"fn\"><a href=\"https:\/\/mirasol-centre.com\/es\/author\/designstore\/\" title=\"Entradas de DesignStore\" rel=\"author\">DesignStore<\/a><\/span><\/span><span class=\"updated\" style=\"display:none\">2024-12-18T08:56:56+00:00<\/span><p class=\"post-excerpt\">\nTaller Cachorros\n\n\n\nS\u00e1bado 21 de diciembre a las 11:30\n\n\n\nhttps:\/\/www.doncanino.com\/info\/talleres-inscripcion-5\n\n\n\n\n<\/p>\t\t\t\t\t<\/div>\n\t\t<!-- Post meta after content -->\n\t\t<div class=\"post-meta\"><span class=\"meta-date\"><i class=\"far fa-calendar-alt\"><\/i>18 Diciembre, 2024<\/span><\/div><div class=\"post-meta\"><span class=\"meta-cats\"><i class=\"far fa-folder\"><\/i><a href=\"https:\/\/mirasol-centre.com\/es\/category\/sin-categorizar\/\" rel=\"category tag\">Sin categorizar<\/a><\/span><\/div>\t\t<div class=\"clearfix\">\n\t\t\t<a class=\"btn btn-xs btn-default text-xs text-uppercase btn-readmore\" href=\"https:\/\/mirasol-centre.com\/es\/taller-cachorros\/\">Leer m\u00e1s...<\/a>\n\t\t<\/div>\n\t<\/div>\n<\/article>\n\n<article class=\"post post-grid col-md-6 col-lg-4 post-8655 post type-post status-publish format-standard has-post-thumbnail hentry category-sin-categorizar\">\n\t<div class=\"grid-box\">\n\t\t\t<div class=\"post-image single\">\n\t\t<div class=\"post-slideshow porto-carousel owl-carousel has-ccols ccols-1  nav-inside nav-inside-center nav-style-2 show-nav-hover\" data-plugin-options='{\"nav\":true}'>\n\t\t\t\t\t\t\t\t\t\t\t<a href=\"https:\/\/mirasol-centre.com\/es\/viernes-6-i-domingo-8-de-diciembre-mira-sol-centre-permanecera-cerrado-por-festividad\/\" aria-label=\"post image\">\n\t\t\t\t\t\t\t\t<div class=\"img-thumbnail\">\n\t\t\t\t\t\t<img width=\"276\" height=\"273\" src=\"https:\/\/mirasol-centre.com\/nousite\/wp-content\/uploads\/2024\/08\/cerrado.gif\" class=\"owl-lazy img-responsive\" alt=\"\" decoding=\"async\" loading=\"lazy\" \/>\t\t\t\t\t\t\t\t\t\t\t\t\t<span class=\"zoom\" data-src=\"https:\/\/mirasol-centre.com\/nousite\/wp-content\/uploads\/2024\/08\/cerrado.gif\" data-title=\"\"><i class=\"fas fa-search\"><\/i><\/span>\n\t\t\t\t\t\t\t\t\t\t\t<\/div>\n\t\t\t\t\t\t\t\t<\/a>\n\t\t\t\t\t\t\t\t<\/div>\n\t\t\n\t\t\t<\/div>\n\t\n\t\t<!-- Post meta before content -->\n\t\t\t\t<div class=\"post-content\">\n\n\t\t\t<h4 class=\"entry-title\"><a href=\"https:\/\/mirasol-centre.com\/es\/viernes-6-i-domingo-8-de-diciembre-mira-sol-centre-permanecera-cerrado-por-festividad\/\">Viernes 6 i domingo 8 de diciembre Mira-sol Centre permanecer\u00e1 cerrado por festividad.<\/a><\/h4>\n\t\t\t<span class=\"vcard\" style=\"display: none;\"><span class=\"fn\"><a href=\"https:\/\/mirasol-centre.com\/es\/author\/designstore\/\" title=\"Entradas de DesignStore\" rel=\"author\">DesignStore<\/a><\/span><\/span><span class=\"updated\" style=\"display:none\">2024-12-05T18:00:31+00:00<\/span><p class=\"post-excerpt\">\nViernes 6 i domingo 8 de diciembre Mira-sol Centre permanecer\u00e1 cerrado por festividad.\n\n\n\n\n<\/p>\t\t\t\t\t<\/div>\n\t\t<!-- Post meta after content -->\n\t\t<div class=\"post-meta\"><span class=\"meta-date\"><i class=\"far fa-calendar-alt\"><\/i>5 Diciembre, 2024<\/span><\/div><div class=\"post-meta\"><span class=\"meta-cats\"><i class=\"far fa-folder\"><\/i><a href=\"https:\/\/mirasol-centre.com\/es\/category\/sin-categorizar\/\" rel=\"category tag\">Sin categorizar<\/a><\/span><\/div>\t\t<div class=\"clearfix\">\n\t\t\t<a class=\"btn btn-xs btn-default text-xs text-uppercase btn-readmore\" href=\"https:\/\/mirasol-centre.com\/es\/viernes-6-i-domingo-8-de-diciembre-mira-sol-centre-permanecera-cerrado-por-festividad\/\">Leer m\u00e1s...<\/a>\n\t\t<\/div>\n\t<\/div>\n<\/article>\n\n<article class=\"post post-grid col-md-6 col-lg-4 post-8644 post type-post status-publish format-standard has-post-thumbnail hentry category-sin-categorizar\">\n\t<div class=\"grid-box\">\n\t\t\t<div class=\"post-image single\">\n\t\t<div class=\"post-slideshow porto-carousel owl-carousel has-ccols ccols-1  nav-inside nav-inside-center nav-style-2 show-nav-hover\" data-plugin-options='{\"nav\":true}'>\n\t\t\t\t\t\t\t\t\t\t\t<a href=\"https:\/\/mirasol-centre.com\/es\/taller-de-adiestramiento-basico\/\" aria-label=\"post image\">\n\t\t\t\t\t\t\t\t<div class=\"img-thumbnail\">\n\t\t\t\t\t\t<img width=\"400\" height=\"300\" src=\"https:\/\/mirasol-centre.com\/nousite\/wp-content\/uploads\/2024\/11\/ADIESTRAMIENTO-MIR-min-400x300.jpg\" class=\"owl-lazy img-responsive\" alt=\"\" decoding=\"async\" loading=\"lazy\" \/>\t\t\t\t\t\t\t\t\t\t\t\t\t<span class=\"zoom\" data-src=\"https:\/\/mirasol-centre.com\/nousite\/wp-content\/uploads\/2024\/11\/ADIESTRAMIENTO-MIR-min-scaled.jpg\" data-title=\"\"><i class=\"fas fa-search\"><\/i><\/span>\n\t\t\t\t\t\t\t\t\t\t\t<\/div>\n\t\t\t\t\t\t\t\t<\/a>\n\t\t\t\t\t\t\t\t<\/div>\n\t\t\n\t\t\t<\/div>\n\t\n\t\t<!-- Post meta before content -->\n\t\t\t\t<div class=\"post-content\">\n\n\t\t\t<h4 class=\"entry-title\"><a href=\"https:\/\/mirasol-centre.com\/es\/taller-de-adiestramiento-basico\/\">Taller de Adiestramiento B\u00e1sico<\/a><\/h4>\n\t\t\t<span class=\"vcard\" style=\"display: none;\"><span class=\"fn\"><a href=\"https:\/\/mirasol-centre.com\/es\/author\/designstore\/\" title=\"Entradas de DesignStore\" rel=\"author\">DesignStore<\/a><\/span><\/span><span class=\"updated\" style=\"display:none\">2024-12-05T18:01:21+00:00<\/span><p class=\"post-excerpt\">\nTaller de Adiestramiento B\u00e1sico\n\n\n\nS\u00e1bado 30 de noviembre a las 17:30h\n\n\n\nen la tienda de Mira-Sol\n\n\n\nhttps:\/\/www.doncanino.com\/info\/talleres\n\n\n\nhttps:\/\/www.doncanino.com\/info\/talleres-inscripcion-3\n\n\n\n\n<\/p>\t\t\t\t\t<\/div>\n\t\t<!-- Post meta after content -->\n\t\t<div class=\"post-meta\"><span class=\"meta-date\"><i class=\"far fa-calendar-alt\"><\/i>25 Noviembre, 2024<\/span><\/div><div class=\"post-meta\"><span class=\"meta-cats\"><i class=\"far fa-folder\"><\/i><a href=\"https:\/\/mirasol-centre.com\/es\/category\/sin-categorizar\/\" rel=\"category tag\">Sin categorizar<\/a><\/span><\/div>\t\t<div class=\"clearfix\">\n\t\t\t<a class=\"btn btn-xs btn-default text-xs text-uppercase btn-readmore\" href=\"https:\/\/mirasol-centre.com\/es\/taller-de-adiestramiento-basico\/\">Leer m\u00e1s...<\/a>\n\t\t<\/div>\n\t<\/div>\n<\/article>\n\n<article class=\"post post-grid col-md-6 col-lg-4 post-8625 post type-post status-publish format-standard has-post-thumbnail hentry category-sin-categorizar\">\n\t<div class=\"grid-box\">\n\t\t\t<div class=\"post-image single\">\n\t\t<div class=\"post-slideshow porto-carousel owl-carousel has-ccols ccols-1  nav-inside nav-inside-center nav-style-2 show-nav-hover\" data-plugin-options='{\"nav\":true}'>\n\t\t\t\t\t\t\t\t\t\t\t<a href=\"https:\/\/mirasol-centre.com\/es\/cesion-del-espacio-comun-ubicado-en-la-centralitat-de-mira-sol-centre-de-sant-cugat-del-valles\/\" aria-label=\"post image\">\n\t\t\t\t\t\t\t\t<div class=\"img-thumbnail\">\n\t\t\t\t\t\t<img width=\"400\" height=\"300\" src=\"https:\/\/mirasol-centre.com\/nousite\/wp-content\/uploads\/2024\/10\/Documentos-con-validacion-electronicas-autenticas-400x300.jpg\" class=\"owl-lazy img-responsive\" alt=\"\" decoding=\"async\" loading=\"lazy\" \/>\t\t\t\t\t\t\t\t\t\t\t\t\t<span class=\"zoom\" data-src=\"https:\/\/mirasol-centre.com\/nousite\/wp-content\/uploads\/2024\/10\/Documentos-con-validacion-electronicas-autenticas.jpg\" data-title=\"\"><i class=\"fas fa-search\"><\/i><\/span>\n\t\t\t\t\t\t\t\t\t\t\t<\/div>\n\t\t\t\t\t\t\t\t<\/a>\n\t\t\t\t\t\t\t\t<\/div>\n\t\t\n\t\t\t<\/div>\n\t\n\t\t<!-- Post meta before content -->\n\t\t\t\t<div class=\"post-content\">\n\n\t\t\t<h4 class=\"entry-title\"><a href=\"https:\/\/mirasol-centre.com\/es\/cesion-del-espacio-comun-ubicado-en-la-centralitat-de-mira-sol-centre-de-sant-cugat-del-valles\/\">CESI\u00d3N DEL ESPACIO COMUN UBICADO EN LA CENTRALITAT DE MIRA-SOL CENTRE DE SANT CUGAT DEL VALL\u00c9S\u201d.<\/a><\/h4>\n\t\t\t<span class=\"vcard\" style=\"display: none;\"><span class=\"fn\"><a href=\"https:\/\/mirasol-centre.com\/es\/author\/designstore\/\" title=\"Entradas de DesignStore\" rel=\"author\">DesignStore<\/a><\/span><\/span><span class=\"updated\" style=\"display:none\">2024-10-28T16:11:04+00:00<\/span><p class=\"post-excerpt\">\nCESI\u00d3N DEL ESPACIO COMUN UBICADO EN LA CENTRALITAT DE MIRA-SOL CENTRE DE SANT CUGAT DEL VALL\u00c9S\u201d.\n\n\n\nAnexo I Planos ubicaciones\n\n\n\nAnexo II NORMAS FUNCIONAMIENTO Mira-sol Centre\n\n\n\nAnexo III Contrato Tipo\n\n\n\nAnexo IV declaraci\u00f3n responsable\n\n\n\nPliego de condiciones M\u00e1quinas de Fotograf\u00edas autom\u00e1ticas\n\n\n\n\n<\/p>\t\t\t\t\t<\/div>\n\t\t<!-- Post meta after content -->\n\t\t<div class=\"post-meta\"><span class=\"meta-date\"><i class=\"far fa-calendar-alt\"><\/i>28 Octubre, 2024<\/span><\/div><div class=\"post-meta\"><span class=\"meta-cats\"><i class=\"far fa-folder\"><\/i><a href=\"https:\/\/mirasol-centre.com\/es\/category\/sin-categorizar\/\" rel=\"category tag\">Sin categorizar<\/a><\/span><\/div>\t\t<div class=\"clearfix\">\n\t\t\t<a class=\"btn btn-xs btn-default text-xs text-uppercase btn-readmore\" href=\"https:\/\/mirasol-centre.com\/es\/cesion-del-espacio-comun-ubicado-en-la-centralitat-de-mira-sol-centre-de-sant-cugat-del-valles\/\">Leer m\u00e1s...<\/a>\n\t\t<\/div>\n\t<\/div>\n<\/article>\n\n\t\n\t\t\t<\/div>\n\t\t<\/div>\n\n\t\n\t\t\t<div class=\"push-top m-b-xxl text-center\">\n\t\t\t<a class=\"btn btn-primary\" href=\"https:\/\/mirasol-centre.com\/es\/blog\/\">View More<\/a>\n\t\t<\/div>\n\t\n\t<\/div>[\/vc_column][\/vc_row]<\/p>\n<\/section>","protected":false},"excerpt":{"rendered":"<p>[vc_row][vc_column][\/vc_column][\/vc_row]<\/p>\n","protected":false},"author":1,"featured_media":0,"parent":0,"menu_order":0,"comment_status":"closed","ping_status":"closed","template":"","meta":[],"_links":{"self":[{"href":"https:\/\/mirasol-centre.com\/es\/wp-json\/wp\/v2\/pages\/5082"}],"collection":[{"href":"https:\/\/mirasol-centre.com\/es\/wp-json\/wp\/v2\/pages"}],"about":[{"href":"https:\/\/mirasol-centre.com\/es\/wp-json\/wp\/v2\/types\/page"}],"author":[{"embeddable":true,"href":"https:\/\/mirasol-centre.com\/es\/wp-json\/wp\/v2\/users\/1"}],"replies":[{"embeddable":true,"href":"https:\/\/mirasol-centre.com\/es\/wp-json\/wp\/v2\/comments?post=5082"}],"version-history":[{"count":3,"href":"https:\/\/mirasol-centre.com\/es\/wp-json\/wp\/v2\/pages\/5082\/revisions"}],"predecessor-version":[{"id":5136,"href":"https:\/\/mirasol-centre.com\/es\/wp-json\/wp\/v2\/pages\/5082\/revisions\/5136"}],"wp:attachment":[{"href":"https:\/\/mirasol-centre.com\/es\/wp-json\/wp\/v2\/media?parent=5082"}],"curies":[{"name":"wp","href":"https:\/\/api.w.org\/{rel}","templated":true}]}}