{"id":6064,"date":"2018-09-27T07:04:15","date_gmt":"2018-09-27T07:04:15","guid":{"rendered":"http:\/\/mirasol-centre.com\/reglamento-general-de-proteccion-de-datos\/"},"modified":"2018-09-27T07:41:58","modified_gmt":"2018-09-27T07:41:58","slug":"reglamento-general-de-proteccion-de-datos","status":"publish","type":"page","link":"https:\/\/mirasol-centre.com\/es\/reglamento-general-de-proteccion-de-datos\/","title":{"rendered":"REGLAMENTO GENERAL DE PROTECCI\u00d3N DE DATOS"},"content":{"rendered":"<section class=\"wpb-content-wrapper\"><p>[vc_row][vc_column]\n<div class=\"wpcf7 no-js\" id=\"wpcf7-f6060-o1\" lang=\"es-ES\" dir=\"ltr\">\n<div class=\"screen-reader-response\"><p role=\"status\" aria-live=\"polite\" aria-atomic=\"true\"><\/p> <ul><\/ul><\/div>\n<form action=\"\/es\/wp-json\/wp\/v2\/pages\/6064#wpcf7-f6060-o1\" method=\"post\" class=\"wpcf7-form init\" aria-label=\"Formulario de contacto\" novalidate=\"novalidate\" data-status=\"init\">\n<div style=\"display: none;\">\n<input type=\"hidden\" name=\"_wpcf7\" value=\"6060\" \/>\n<input type=\"hidden\" name=\"_wpcf7_version\" value=\"5.7.6\" \/>\n<input type=\"hidden\" name=\"_wpcf7_locale\" value=\"es_ES\" \/>\n<input type=\"hidden\" name=\"_wpcf7_unit_tag\" value=\"wpcf7-f6060-o1\" \/>\n<input type=\"hidden\" name=\"_wpcf7_container_post\" value=\"0\" \/>\n<input type=\"hidden\" name=\"_wpcf7_posted_data_hash\" value=\"\" \/>\n<\/div>\n<p style=\"text-align: center;\"><strong>REGLAMENTO GENERAL DE PROTECCI\u00d3N DE DATOS<\/strong>\n<\/p>\n<p style=\"text-align: left;\"><br \/>\nDe conformidad con lo establecido en la normativa vigente en Protecci\u00f3n de Datos de Car\u00e1cter Personal, le informamos que los datos que pueda facilitarnos ser\u00e1n o est\u00e1n incorporados al sistema de tratamiento titularidad de SUBCOMUNITAT PLANTES BAIXES ZONA COMERCIAL MIRA-SOL CENTRE con C.I.F. H65166985 y domicilio social sito en Pza. Ausi\u00e0s March, 1-9. Planta Baja, 08195 Sant Cugat del Vall\u00e9s, con la finalidad de poder atender los compromisos derivados de la relaci\u00f3n de servicios que mantenemos con usted. Es posible que, para la gesti\u00f3n ordinaria del servicio sus datos sean comunicados a administraciones p\u00fablicas que lo requieran legalmente.\n<\/p>\n<p style=\"text-align: left;\">En cumplimiento con la normativa vigente SUBCOMUNITAT PLANTES BAIXES ZONA COMERCIAL MIRA-SOL CENTRE informa que los datos ser\u00e1n conservados durante el plazo estrictamente necesario para cumplir con los preceptos mencionados con anterioridad.\n<\/p>\n<p style=\"text-align: left;\">SUBCOMUNITAT PLANTES BAIXES ZONA COMERCIAL MIRA-SOL CENTRE, informa que proceder\u00e1 a tratar los datos de manera l\u00edcita, leal, transparente, adecuada, pertinente, limitada, exacta y actualizada. Es por ello que se compromete a adoptar todas las medidas razonables para que estos se supriman o rectifiquen sin dilaci\u00f3n cuando sean inexactos.\n<\/p>\n<ul>\n\t<li style=\"text-align: left;\">\n\t\t<p>De acuerdo con los derechos que le confiere la normativa vigente en protecci\u00f3n de datos podr\u00e1 ejercer los derechos de acceso, rectificaci\u00f3n, limitaci\u00f3n de tratamiento, supresi\u00f3n, portabilidad y oposici\u00f3n al tratamiento de sus datos de car\u00e1cter personal as\u00ed como del consentimiento prestado para el tratamiento de los mismos, dirigiendo su petici\u00f3n a la direcci\u00f3n postal indicada m\u00e1s arriba o al correo electr\u00f3nico info@mira-solcentre.cat.\n\t\t<\/p>\n\t<\/li>\n<\/ul>\n<p style=\"text-align: left;\"><br \/>\nAsimismo,\n<\/p>\n<p style=\"text-align: left;\"><br \/>\nD\/D\u00f1a. <span class=\"wpcf7-form-control-wrap\" data-name=\"text-53\"><input size=\"40\" class=\"wpcf7-form-control wpcf7-text wpcf7-validates-as-required\" aria-required=\"true\" aria-invalid=\"false\" value=\"\" type=\"text\" name=\"text-53\" \/><\/span> con DNI <span class=\"wpcf7-form-control-wrap\" data-name=\"text-51\"><input size=\"40\" class=\"wpcf7-form-control wpcf7-text wpcf7-validates-as-required\" aria-required=\"true\" aria-invalid=\"false\" value=\"\" type=\"text\" name=\"text-51\" \/><\/span> en su propio nombre o como represente legal de <span class=\"wpcf7-form-control-wrap\" data-name=\"text-58\"><input size=\"40\" class=\"wpcf7-form-control wpcf7-text wpcf7-validates-as-required\" aria-required=\"true\" aria-invalid=\"false\" value=\"\" type=\"text\" name=\"text-58\" \/><\/span> con CIF <span class=\"wpcf7-form-control-wrap\" data-name=\"text-52\"><input size=\"40\" class=\"wpcf7-form-control wpcf7-text wpcf7-validates-as-required\" aria-required=\"true\" aria-invalid=\"false\" value=\"\" type=\"text\" name=\"text-52\" \/><\/span> y con fecha <span class=\"wpcf7-form-control-wrap\" data-name=\"text-717\"><input size=\"40\" class=\"wpcf7-form-control wpcf7-text wpcf7-validates-as-required\" aria-required=\"true\" aria-invalid=\"false\" value=\"\" type=\"text\" name=\"text-717\" \/><\/span>\n<\/p>\n<p style=\"text-align: left;\">Acepta la recepci\u00f3n de comunicaciones comerciales por parte de SUBCOMUNITAT PLANTES BAIXES ZONA COMERCIAL MIRA-SOL CENTRE:<br \/>\n<span class=\"wpcf7-form-control-wrap\" data-name=\"radio-907\"><span class=\"wpcf7-form-control wpcf7-radio\"><span class=\"wpcf7-list-item first\"><input type=\"radio\" name=\"radio-907\" value=\"ACEPTO\" \/><span class=\"wpcf7-list-item-label\">ACEPTO<\/span><\/span><span class=\"wpcf7-list-item last\"><input type=\"radio\" name=\"radio-907\" value=\"NO ACEPTO\" \/><span class=\"wpcf7-list-item-label\">NO ACEPTO<\/span><\/span><\/span><\/span>\n<\/p>\n<p style=\"text-align: left;\">Acepta la captaci\u00f3n de im\u00e1genes de mi persona con la finalidad especifica de edici\u00f3n de p\u00e1gina web, redes sociales o medios de comunicaci\u00f3n responsabilidad de SUBCOMUNITAT PLANTES BAIXES ZONA COMERCIAL MIRA-SOL CENTRE:<br \/>\n<span class=\"wpcf7-form-control-wrap\" data-name=\"radio-908\"><span class=\"wpcf7-form-control wpcf7-radio\"><span class=\"wpcf7-list-item first\"><input type=\"radio\" name=\"radio-908\" value=\"ACEPTO\" \/><span class=\"wpcf7-list-item-label\">ACEPTO<\/span><\/span><span class=\"wpcf7-list-item last\"><input type=\"radio\" name=\"radio-908\" value=\"NO ACEPTO\" \/><span class=\"wpcf7-list-item-label\">NO ACEPTO<\/span><\/span><\/span><\/span>\n<\/p>\n<p>Le informamos que podr\u00e1 revocar en cualquier momento el consentimiento prestado a la recepci\u00f3n de comunicaciones comerciales enviando un e-mail a la direcci\u00f3n de correo electr\u00f3nico: <a href=\"mailto:info@mira-solcentre.cat\">info@mira-solcentre.cat<\/a>.\n<\/p>\n<p><input class=\"wpcf7-form-control has-spinner wpcf7-submit\" type=\"submit\" value=\"Enviar\" \/>\n<\/p><div class=\"wpcf7-response-output\" aria-hidden=\"true\"><\/div>\n<\/form>\n<\/div>\n[\/vc_column][\/vc_row]<\/p>\n<\/section>","protected":false},"excerpt":{"rendered":"<p>[vc_row][vc_column][\/vc_column][\/vc_row]<\/p>\n","protected":false},"author":1,"featured_media":0,"parent":0,"menu_order":0,"comment_status":"closed","ping_status":"closed","template":"","meta":[],"_links":{"self":[{"href":"https:\/\/mirasol-centre.com\/es\/wp-json\/wp\/v2\/pages\/6064"}],"collection":[{"href":"https:\/\/mirasol-centre.com\/es\/wp-json\/wp\/v2\/pages"}],"about":[{"href":"https:\/\/mirasol-centre.com\/es\/wp-json\/wp\/v2\/types\/page"}],"author":[{"embeddable":true,"href":"https:\/\/mirasol-centre.com\/es\/wp-json\/wp\/v2\/users\/1"}],"replies":[{"embeddable":true,"href":"https:\/\/mirasol-centre.com\/es\/wp-json\/wp\/v2\/comments?post=6064"}],"version-history":[{"count":4,"href":"https:\/\/mirasol-centre.com\/es\/wp-json\/wp\/v2\/pages\/6064\/revisions"}],"predecessor-version":[{"id":6068,"href":"https:\/\/mirasol-centre.com\/es\/wp-json\/wp\/v2\/pages\/6064\/revisions\/6068"}],"wp:attachment":[{"href":"https:\/\/mirasol-centre.com\/es\/wp-json\/wp\/v2\/media?parent=6064"}],"curies":[{"name":"wp","href":"https:\/\/api.w.org\/{rel}","templated":true}]}}